{"id":3070,"date":"2019-05-29T16:07:47","date_gmt":"2019-05-29T14:07:47","guid":{"rendered":"https:\/\/www.laboratoiresactiva.com\/en\/\/?page_id=3070"},"modified":"2020-01-16T13:02:42","modified_gmt":"2020-01-16T12:02:42","slug":"news-events","status":"publish","type":"page","link":"https:\/\/www.laboratoiresactiva.com\/en\/news-events\/","title":{"rendered":"News Events"},"content":{"rendered":"<div class=\"fusion-fullwidth fullwidth-box fusion-builder-row-1 nonhundred-percent-fullwidth non-hundred-percent-height-scrolling\" style=\"background-color: rgba(255,255,255,0);background-position: center center;background-repeat: no-repeat;padding-top:0px;padding-right:30px;padding-bottom:0px;padding-left:30px;margin-bottom: 0px;margin-top: 0px;border-width: 0px 0px 0px 0px;border-color:#eae9e9;border-style:solid;\" ><div class=\"fusion-builder-row fusion-row\"><div class=\"fusion-layout-column fusion_builder_column fusion-builder-column-0 fusion_builder_column_1_1 1_1 fusion-one-full fusion-column-first fusion-column-last\" style=\"margin-top:0px;margin-bottom:0px;\"><div class=\"fusion-column-wrapper fusion-flex-column-wrapper-legacy\" style=\"background-position:left top;background-repeat:no-repeat;-webkit-background-size:cover;-moz-background-size:cover;-o-background-size:cover;background-size:cover;padding: 80px 10px 50px 10px;\"><div class=\"fusion-text fusion-text-1\"><h3 style=\"text-align: center;\">Events<\/h3>\n<\/div><div class=\"fusion-sep-clear\"><\/div><div class=\"fusion-separator fusion-full-width-sep\" style=\"margin-left: auto;margin-right: auto;width:100%;\"><div class=\"fusion-separator-border sep-double\" style=\"border-color:#ffffff;border-top-width:5px;border-bottom-width:5px;\"><\/div><\/div><div class=\"fusion-sep-clear\"><\/div><div class=\"fusion-recent-posts fusion-recent-posts-1 avada-container layout-default layout-columns-3\"><section class=\"fusion-columns columns fusion-columns-3 columns-3\"><article class=\"post fusion-column column col col-lg-4 col-md-4 col-sm-4\"><div class=\"fusion-flexslider fusion-flexslider-loading flexslider flexslider-hover-type-liftup\"><ul class=\"slides\"><li><a href=\"https:\/\/www.laboratoiresactiva.com\/en\/exclusive-conference-icnm-patrick-veret\/\" aria-label=\"Endometriosis: Clinical innovation on the global stage at the ICNM World Congress\" class=\"hover-type-liftup\"><img decoding=\"async\" width=\"700\" height=\"441\" src=\"https:\/\/www.laboratoiresactiva.com\/en\/wp-content\/uploads\/2025\/06\/Juillet-25_Laboratoires-Activa-corpo-20-700x441.png\" class=\"attachment-recent-posts size-recent-posts\" alt=\"\" srcset=\"https:\/\/www.laboratoiresactiva.com\/en\/wp-content\/uploads\/2025\/06\/Juillet-25_Laboratoires-Activa-corpo-20-320x202.png 320w, https:\/\/www.laboratoiresactiva.com\/en\/wp-content\/uploads\/2025\/06\/Juillet-25_Laboratoires-Activa-corpo-20-700x441.png 700w\" sizes=\"(max-width: 700px) 100vw, 700px\" \/><\/a><\/li><\/ul><\/div><div class=\"recent-posts-content\"><span class=\"vcard\" style=\"display: none;\"><span class=\"fn\"><a href=\"https:\/\/www.laboratoiresactiva.com\/en\/author\/manon\/\" title=\"Posts by Digital\" rel=\"author\">Digital<\/a><\/span><\/span><span class=\"updated\" style=\"display:none;\">2025-06-30T17:38:25+02:00<\/span><h4 class=\"entry-title\"><a href=\"https:\/\/www.laboratoiresactiva.com\/en\/exclusive-conference-icnm-patrick-veret\/\">Endometriosis: Clinical innovation on the global stage at the ICNM World Congress<\/a><\/h4><p class=\"meta\"><span class=\"vcard\" style=\"display: none;\"><span class=\"fn\"><a href=\"https:\/\/www.laboratoiresactiva.com\/en\/author\/manon\/\" title=\"Posts by Digital\" rel=\"author\">Digital<\/a><\/span><\/span><span class=\"updated\" style=\"display:none;\">2025-06-30T17:38:25+02:00<\/span><\/p><\/div><\/article><article class=\"post fusion-column column col col-lg-4 col-md-4 col-sm-4\"><div class=\"fusion-flexslider fusion-flexslider-loading flexslider flexslider-hover-type-liftup\"><ul class=\"slides\"><li><a href=\"https:\/\/www.laboratoiresactiva.com\/en\/laboratoires-activa-at-2024-vitafoods-asia-in-bangkok\/\" aria-label=\"[THAILAND] Laboratoires Activa at the 2024 Vitafoods Asia in Bangkok\" class=\"hover-type-liftup\"><img decoding=\"async\" width=\"700\" height=\"400\" src=\"https:\/\/www.laboratoiresactiva.com\/en\/wp-content\/uploads\/2024\/11\/Vitafoods-2024-Cover-700x400.jpg\" class=\"attachment-recent-posts size-recent-posts\" alt=\"\" \/><\/a><\/li><\/ul><\/div><div class=\"recent-posts-content\"><span class=\"vcard\" style=\"display: none;\"><span class=\"fn\"><a href=\"https:\/\/www.laboratoiresactiva.com\/en\/author\/asia-team-sandy\/\" title=\"Posts by Sandy\" rel=\"author\">Sandy<\/a><\/span><\/span><span class=\"updated\" style=\"display:none;\">2024-11-15T07:34:18+01:00<\/span><h4 class=\"entry-title\"><a href=\"https:\/\/www.laboratoiresactiva.com\/en\/laboratoires-activa-at-2024-vitafoods-asia-in-bangkok\/\">[THAILAND] Laboratoires Activa at the 2024 Vitafoods Asia in Bangkok<\/a><\/h4><p class=\"meta\"><span class=\"vcard\" style=\"display: none;\"><span class=\"fn\"><a href=\"https:\/\/www.laboratoiresactiva.com\/en\/author\/asia-team-sandy\/\" title=\"Posts by Sandy\" rel=\"author\">Sandy<\/a><\/span><\/span><span class=\"updated\" style=\"display:none;\">2024-11-15T07:34:18+01:00<\/span><\/p><\/div><\/article><article class=\"post fusion-column column col col-lg-4 col-md-4 col-sm-4\"><div class=\"fusion-flexslider fusion-flexslider-loading flexslider flexslider-hover-type-liftup\"><ul class=\"slides\"><li><a href=\"https:\/\/www.laboratoiresactiva.com\/en\/laboratoires-activa-at-vitafoods-bangkok\/\" aria-label=\"[THAILAND] Laboratoires Activa at Vitafoods Asia in Bangkok\" class=\"hover-type-liftup\"><img decoding=\"async\" width=\"700\" height=\"441\" src=\"https:\/\/www.laboratoiresactiva.com\/en\/wp-content\/uploads\/2023\/09\/Post-Vitafood-700x441.jpeg\" class=\"attachment-recent-posts size-recent-posts\" alt=\"\" srcset=\"https:\/\/www.laboratoiresactiva.com\/en\/wp-content\/uploads\/2023\/09\/Post-Vitafood-320x202.jpeg 320w, https:\/\/www.laboratoiresactiva.com\/en\/wp-content\/uploads\/2023\/09\/Post-Vitafood-700x441.jpeg 700w\" sizes=\"(max-width: 700px) 100vw, 700px\" \/><\/a><\/li><\/ul><\/div><div class=\"recent-posts-content\"><span class=\"vcard\" style=\"display: none;\"><span class=\"fn\"><a href=\"https:\/\/www.laboratoiresactiva.com\/en\/author\/equipe-asie-us\/\" title=\"Posts by Asia Team\" rel=\"author\">Asia Team<\/a><\/span><\/span><span class=\"updated\" style=\"display:none;\">2023-09-20T17:23:49+02:00<\/span><h4 class=\"entry-title\"><a href=\"https:\/\/www.laboratoiresactiva.com\/en\/laboratoires-activa-at-vitafoods-bangkok\/\">[THAILAND] Laboratoires Activa at Vitafoods Asia in Bangkok<\/a><\/h4><p class=\"meta\"><span class=\"vcard\" style=\"display: none;\"><span class=\"fn\"><a href=\"https:\/\/www.laboratoiresactiva.com\/en\/author\/equipe-asie-us\/\" title=\"Posts by Asia Team\" rel=\"author\">Asia Team<\/a><\/span><\/span><span class=\"updated\" style=\"display:none;\">2023-09-20T17:23:49+02:00<\/span><\/p><\/div><\/article><article class=\"post fusion-column column col col-lg-4 col-md-4 col-sm-4\"><div class=\"fusion-flexslider fusion-flexslider-loading flexslider flexslider-hover-type-liftup\"><ul class=\"slides\"><li><a href=\"https:\/\/www.laboratoiresactiva.com\/en\/laboratoires-activa-on-bfm-tv\/\" aria-label=\"Laboratoires Activa featured on BFM TV\" class=\"hover-type-liftup\"><img decoding=\"async\" width=\"700\" height=\"441\" src=\"https:\/\/www.laboratoiresactiva.com\/en\/wp-content\/uploads\/2023\/09\/BFMTV-700x441.jpeg\" class=\"attachment-recent-posts size-recent-posts\" alt=\"\" srcset=\"https:\/\/www.laboratoiresactiva.com\/en\/wp-content\/uploads\/2023\/09\/BFMTV-320x202.jpeg 320w, https:\/\/www.laboratoiresactiva.com\/en\/wp-content\/uploads\/2023\/09\/BFMTV-700x441.jpeg 700w\" sizes=\"(max-width: 700px) 100vw, 700px\" \/><\/a><\/li><\/ul><\/div><div class=\"recent-posts-content\"><span class=\"vcard\" style=\"display: none;\"><span class=\"fn\"><a href=\"https:\/\/www.laboratoiresactiva.com\/en\/author\/equipe-asie-us\/\" title=\"Posts by Asia Team\" rel=\"author\">Asia Team<\/a><\/span><\/span><span class=\"updated\" style=\"display:none;\">2023-10-12T10:28:37+02:00<\/span><h4 class=\"entry-title\"><a href=\"https:\/\/www.laboratoiresactiva.com\/en\/laboratoires-activa-on-bfm-tv\/\">Laboratoires Activa featured on BFM TV<\/a><\/h4><p class=\"meta\"><span class=\"vcard\" style=\"display: none;\"><span class=\"fn\"><a href=\"https:\/\/www.laboratoiresactiva.com\/en\/author\/equipe-asie-us\/\" title=\"Posts by Asia Team\" rel=\"author\">Asia Team<\/a><\/span><\/span><span class=\"updated\" style=\"display:none;\">2023-10-12T10:28:37+02:00<\/span><\/p><\/div><\/article><article class=\"post fusion-column column col col-lg-4 col-md-4 col-sm-4\"><div class=\"fusion-flexslider fusion-flexslider-loading flexslider flexslider-hover-type-liftup\"><ul class=\"slides\"><li><a href=\"https:\/\/www.laboratoiresactiva.com\/en\/laboratoires-activa-at-infarma-spain\/\" aria-label=\"Laboratoires Activa at Infarma &#8211; Spain\" class=\"hover-type-liftup\"><img decoding=\"async\" width=\"700\" height=\"441\" src=\"https:\/\/www.laboratoiresactiva.com\/en\/wp-content\/uploads\/2023\/06\/Spain-700x441.jpg\" class=\"attachment-recent-posts size-recent-posts\" alt=\"\" srcset=\"https:\/\/www.laboratoiresactiva.com\/en\/wp-content\/uploads\/2023\/06\/Spain-320x202.jpg 320w, https:\/\/www.laboratoiresactiva.com\/en\/wp-content\/uploads\/2023\/06\/Spain-700x441.jpg 700w\" sizes=\"(max-width: 700px) 100vw, 700px\" \/><\/a><\/li><\/ul><\/div><div class=\"recent-posts-content\"><span class=\"vcard\" style=\"display: none;\"><span class=\"fn\"><a href=\"https:\/\/www.laboratoiresactiva.com\/en\/author\/asia-team-sandy\/\" title=\"Posts by Sandy\" rel=\"author\">Sandy<\/a><\/span><\/span><span class=\"updated\" style=\"display:none;\">2023-06-05T05:23:27+02:00<\/span><h4 class=\"entry-title\"><a href=\"https:\/\/www.laboratoiresactiva.com\/en\/laboratoires-activa-at-infarma-spain\/\">Laboratoires Activa at Infarma &#8211; Spain<\/a><\/h4><p class=\"meta\"><span class=\"vcard\" style=\"display: none;\"><span class=\"fn\"><a href=\"https:\/\/www.laboratoiresactiva.com\/en\/author\/asia-team-sandy\/\" title=\"Posts by Sandy\" rel=\"author\">Sandy<\/a><\/span><\/span><span class=\"updated\" style=\"display:none;\">2023-06-05T05:23:27+02:00<\/span><\/p><\/div><\/article><article class=\"post fusion-column column col col-lg-4 col-md-4 col-sm-4\"><div class=\"fusion-flexslider fusion-flexslider-loading flexslider flexslider-hover-type-liftup\"><ul class=\"slides\"><li><a href=\"https:\/\/www.laboratoiresactiva.com\/en\/laboratoires-activa-at-vitafoods-europe-2023\/\" aria-label=\"Laboratoires Activa at Vitafoods Europe &#8211; Geneva 2023\" class=\"hover-type-liftup\"><img decoding=\"async\" width=\"700\" height=\"441\" src=\"https:\/\/www.laboratoiresactiva.com\/en\/wp-content\/uploads\/2023\/05\/2264_Exhibitor-Co-Marketing-Banners-V2_Twitter-1200-x-675px-700x441.jpg\" class=\"attachment-recent-posts size-recent-posts\" alt=\"\" srcset=\"https:\/\/www.laboratoiresactiva.com\/en\/wp-content\/uploads\/2023\/05\/2264_Exhibitor-Co-Marketing-Banners-V2_Twitter-1200-x-675px-320x202.jpg 320w, https:\/\/www.laboratoiresactiva.com\/en\/wp-content\/uploads\/2023\/05\/2264_Exhibitor-Co-Marketing-Banners-V2_Twitter-1200-x-675px-700x441.jpg 700w\" sizes=\"(max-width: 700px) 100vw, 700px\" \/><\/a><\/li><\/ul><\/div><div class=\"recent-posts-content\"><span class=\"vcard\" style=\"display: none;\"><span class=\"fn\"><a href=\"https:\/\/www.laboratoiresactiva.com\/en\/author\/equipe-asie-us\/\" title=\"Posts by Asia Team\" rel=\"author\">Asia Team<\/a><\/span><\/span><span class=\"updated\" style=\"display:none;\">2023-05-05T10:45:04+02:00<\/span><h4 class=\"entry-title\"><a href=\"https:\/\/www.laboratoiresactiva.com\/en\/laboratoires-activa-at-vitafoods-europe-2023\/\">Laboratoires Activa at Vitafoods Europe &#8211; Geneva 2023<\/a><\/h4><p class=\"meta\"><span class=\"vcard\" style=\"display: none;\"><span class=\"fn\"><a href=\"https:\/\/www.laboratoiresactiva.com\/en\/author\/equipe-asie-us\/\" title=\"Posts by Asia Team\" rel=\"author\">Asia Team<\/a><\/span><\/span><span class=\"updated\" style=\"display:none;\">2023-05-05T10:45:04+02:00<\/span><\/p><\/div><\/article><article class=\"post fusion-column column col col-lg-4 col-md-4 col-sm-4\"><div class=\"fusion-flexslider fusion-flexslider-loading flexslider flexslider-hover-type-liftup\"><ul class=\"slides\"><li><a href=\"https:\/\/www.laboratoiresactiva.com\/en\/asia-laboratoires-activa-at-vitafoods-asia\/\" aria-label=\"[ASIA] Laboratoires Activa at Vitafoods Asia\" class=\"hover-type-liftup\"><img decoding=\"async\" width=\"700\" height=\"441\" src=\"https:\/\/www.laboratoiresactiva.com\/en\/wp-content\/uploads\/2022\/10\/logo-vitafoods-asia-700x441.jpeg\" class=\"attachment-recent-posts size-recent-posts\" alt=\"\" srcset=\"https:\/\/www.laboratoiresactiva.com\/en\/wp-content\/uploads\/2022\/10\/logo-vitafoods-asia-320x202.jpeg 320w, https:\/\/www.laboratoiresactiva.com\/en\/wp-content\/uploads\/2022\/10\/logo-vitafoods-asia-700x441.jpeg 700w\" sizes=\"(max-width: 700px) 100vw, 700px\" \/><\/a><\/li><\/ul><\/div><div class=\"recent-posts-content\"><span class=\"vcard\" style=\"display: none;\"><span class=\"fn\"><a href=\"https:\/\/www.laboratoiresactiva.com\/en\/author\/equipe-asie-us\/\" title=\"Posts by Asia Team\" rel=\"author\">Asia Team<\/a><\/span><\/span><span class=\"updated\" style=\"display:none;\">2022-11-14T03:53:46+01:00<\/span><h4 class=\"entry-title\"><a href=\"https:\/\/www.laboratoiresactiva.com\/en\/asia-laboratoires-activa-at-vitafoods-asia\/\">[ASIA] Laboratoires Activa at Vitafoods Asia<\/a><\/h4><p class=\"meta\"><span class=\"vcard\" style=\"display: none;\"><span class=\"fn\"><a href=\"https:\/\/www.laboratoiresactiva.com\/en\/author\/equipe-asie-us\/\" title=\"Posts by Asia Team\" rel=\"author\">Asia Team<\/a><\/span><\/span><span class=\"updated\" style=\"display:none;\">2022-11-14T03:53:46+01:00<\/span><\/p><\/div><\/article><article class=\"post fusion-column column col col-lg-4 col-md-4 col-sm-4\"><div class=\"fusion-flexslider fusion-flexslider-loading flexslider flexslider-hover-type-liftup\"><ul class=\"slides\"><li><a href=\"https:\/\/www.laboratoiresactiva.com\/en\/laboratoires-activa-spain-at-palo-market-fest-was-a-great-success\/\" aria-label=\"Laboratoires Activa Spain at Palo Market Fest was a great success!\" class=\"hover-type-liftup\"><img decoding=\"async\" width=\"700\" height=\"400\" src=\"https:\/\/www.laboratoiresactiva.com\/en\/wp-content\/uploads\/2021\/11\/Activa_Palo-Market-Fest_5-700x400.jpg\" class=\"attachment-recent-posts size-recent-posts\" alt=\"\" \/><\/a><\/li><\/ul><\/div><div class=\"recent-posts-content\"><span class=\"vcard\" style=\"display: none;\"><span class=\"fn\"><a href=\"https:\/\/www.laboratoiresactiva.com\/en\/author\/asia-team-sandy\/\" title=\"Posts by Sandy\" rel=\"author\">Sandy<\/a><\/span><\/span><span class=\"updated\" style=\"display:none;\">2021-11-23T08:03:14+01:00<\/span><h4 class=\"entry-title\"><a href=\"https:\/\/www.laboratoiresactiva.com\/en\/laboratoires-activa-spain-at-palo-market-fest-was-a-great-success\/\">Laboratoires Activa Spain at Palo Market Fest was a great success!<\/a><\/h4><p class=\"meta\"><span class=\"vcard\" style=\"display: none;\"><span class=\"fn\"><a href=\"https:\/\/www.laboratoiresactiva.com\/en\/author\/asia-team-sandy\/\" title=\"Posts by Sandy\" rel=\"author\">Sandy<\/a><\/span><\/span><span class=\"updated\" style=\"display:none;\">2021-11-23T08:03:14+01:00<\/span><\/p><\/div><\/article><article class=\"post fusion-column column col col-lg-4 col-md-4 col-sm-4\"><div class=\"fusion-flexslider fusion-flexslider-loading flexslider flexslider-hover-type-liftup\"><ul class=\"slides\"><li><a href=\"https:\/\/www.laboratoiresactiva.com\/en\/spain-activa-laboratories-spain-present-at-infarma-virtual-2021\/\" aria-label=\"[SPAIN] Activa Laboratories Spain present at Infarma Virtual 2021\" class=\"hover-type-liftup\"><img decoding=\"async\" width=\"700\" height=\"441\" src=\"https:\/\/www.laboratoiresactiva.com\/en\/wp-content\/uploads\/2021\/06\/Activa_Activa-Laboratories-Spain-present-at-Infarma-Virtual-2021-700x441.png\" class=\"attachment-recent-posts size-recent-posts\" alt=\"\" srcset=\"https:\/\/www.laboratoiresactiva.com\/en\/wp-content\/uploads\/2021\/06\/Activa_Activa-Laboratories-Spain-present-at-Infarma-Virtual-2021-320x202.png 320w, https:\/\/www.laboratoiresactiva.com\/en\/wp-content\/uploads\/2021\/06\/Activa_Activa-Laboratories-Spain-present-at-Infarma-Virtual-2021-700x441.png 700w\" sizes=\"(max-width: 700px) 100vw, 700px\" \/><\/a><\/li><\/ul><\/div><div class=\"recent-posts-content\"><span class=\"vcard\" style=\"display: none;\"><span class=\"fn\"><a href=\"https:\/\/www.laboratoiresactiva.com\/en\/author\/asia-team-sandy\/\" title=\"Posts by Sandy\" rel=\"author\">Sandy<\/a><\/span><\/span><span class=\"updated\" style=\"display:none;\">2021-06-25T07:59:13+02:00<\/span><h4 class=\"entry-title\"><a href=\"https:\/\/www.laboratoiresactiva.com\/en\/spain-activa-laboratories-spain-present-at-infarma-virtual-2021\/\">[SPAIN] Activa Laboratories Spain present at Infarma Virtual 2021<\/a><\/h4><p class=\"meta\"><span class=\"vcard\" style=\"display: none;\"><span class=\"fn\"><a href=\"https:\/\/www.laboratoiresactiva.com\/en\/author\/asia-team-sandy\/\" title=\"Posts by Sandy\" rel=\"author\">Sandy<\/a><\/span><\/span><span class=\"updated\" style=\"display:none;\">2021-06-25T07:59:13+02:00<\/span><\/p><\/div><\/article><article class=\"post fusion-column column col col-lg-4 col-md-4 col-sm-4\"><div class=\"fusion-flexslider fusion-flexslider-loading flexslider flexslider-hover-type-liftup\"><ul class=\"slides\"><li><a href=\"https:\/\/www.laboratoiresactiva.com\/en\/les-laboratoires-activa-au-salon-zen\/\" aria-label=\"[FRANCE] Laboratoires Activa at Zen Exhibition\" class=\"hover-type-liftup\"><img decoding=\"async\" width=\"700\" height=\"441\" src=\"https:\/\/www.laboratoiresactiva.com\/en\/wp-content\/uploads\/2019\/10\/salon-zen-france-800x562-2-700x441.png\" class=\"attachment-recent-posts size-recent-posts\" alt=\"\" srcset=\"https:\/\/www.laboratoiresactiva.com\/en\/wp-content\/uploads\/2019\/10\/salon-zen-france-800x562-2-320x202.png 320w, https:\/\/www.laboratoiresactiva.com\/en\/wp-content\/uploads\/2019\/10\/salon-zen-france-800x562-2-700x441.png 700w\" sizes=\"(max-width: 700px) 100vw, 700px\" \/><\/a><\/li><\/ul><\/div><div class=\"recent-posts-content\"><span class=\"vcard\" style=\"display: none;\"><span class=\"fn\"><a href=\"https:\/\/www.laboratoiresactiva.com\/en\/author\/equipe-asie-us\/\" title=\"Posts by Asia Team\" rel=\"author\">Asia Team<\/a><\/span><\/span><span class=\"updated\" style=\"display:none;\">2020-02-13T12:24:40+01:00<\/span><h4 class=\"entry-title\"><a href=\"https:\/\/www.laboratoiresactiva.com\/en\/les-laboratoires-activa-au-salon-zen\/\">[FRANCE] Laboratoires Activa at Zen Exhibition<\/a><\/h4><p class=\"meta\"><span class=\"vcard\" style=\"display: none;\"><span class=\"fn\"><a href=\"https:\/\/www.laboratoiresactiva.com\/en\/author\/equipe-asie-us\/\" title=\"Posts by Asia Team\" rel=\"author\">Asia Team<\/a><\/span><\/span><span class=\"updated\" style=\"display:none;\">2020-02-13T12:24:40+01:00<\/span><\/p><\/div><\/article><article class=\"post fusion-column column col col-lg-4 col-md-4 col-sm-4\"><div class=\"fusion-flexslider fusion-flexslider-loading flexslider flexslider-hover-type-liftup\"><ul class=\"slides\"><li><a href=\"https:\/\/www.laboratoiresactiva.com\/en\/activa-in-spain-our-supplements-at-naturespai-marie-claire\/\" aria-label=\"[SPAIN] Activa in Marie-Claire magazine\" class=\"hover-type-liftup\"><img decoding=\"async\" width=\"700\" height=\"441\" src=\"https:\/\/www.laboratoiresactiva.com\/en\/wp-content\/uploads\/2016\/11\/naturespai-marie-claire-activa-1024x719-1-700x441.jpg\" class=\"attachment-recent-posts size-recent-posts\" alt=\"\" srcset=\"https:\/\/www.laboratoiresactiva.com\/en\/wp-content\/uploads\/2016\/11\/naturespai-marie-claire-activa-1024x719-1-320x202.jpg 320w, https:\/\/www.laboratoiresactiva.com\/en\/wp-content\/uploads\/2016\/11\/naturespai-marie-claire-activa-1024x719-1-700x441.jpg 700w\" sizes=\"(max-width: 700px) 100vw, 700px\" \/><\/a><\/li><\/ul><\/div><div class=\"recent-posts-content\"><span class=\"vcard\" style=\"display: none;\"><span class=\"fn\"><a href=\"https:\/\/www.laboratoiresactiva.com\/en\/author\/equipe-asie-us\/\" title=\"Posts by Asia Team\" rel=\"author\">Asia Team<\/a><\/span><\/span><span class=\"updated\" style=\"display:none;\">2022-09-30T10:55:53+02:00<\/span><h4 class=\"entry-title\"><a href=\"https:\/\/www.laboratoiresactiva.com\/en\/activa-in-spain-our-supplements-at-naturespai-marie-claire\/\">[SPAIN] Activa in Marie-Claire magazine<\/a><\/h4><p class=\"meta\"><span class=\"vcard\" style=\"display: none;\"><span class=\"fn\"><a href=\"https:\/\/www.laboratoiresactiva.com\/en\/author\/equipe-asie-us\/\" title=\"Posts by Asia Team\" rel=\"author\">Asia Team<\/a><\/span><\/span><span class=\"updated\" style=\"display:none;\">2022-09-30T10:55:53+02:00<\/span><\/p><\/div><\/article><article class=\"post fusion-column column col col-lg-4 col-md-4 col-sm-4\"><div class=\"fusion-flexslider fusion-flexslider-loading flexslider flexslider-hover-type-liftup\"><ul class=\"slides\"><li><a href=\"https:\/\/www.laboratoiresactiva.com\/en\/laboratoires-activa-vitafoods-asia\/\" aria-label=\"[ASIA] Laboratoires Activa at Vitafoods Asia\" class=\"hover-type-liftup\"><img decoding=\"async\" width=\"700\" height=\"441\" src=\"https:\/\/www.laboratoiresactiva.com\/en\/wp-content\/uploads\/2019\/10\/vitafoods-asia-800x562-1-700x441.png\" class=\"attachment-recent-posts size-recent-posts\" alt=\"\" srcset=\"https:\/\/www.laboratoiresactiva.com\/en\/wp-content\/uploads\/2019\/10\/vitafoods-asia-800x562-1-320x202.png 320w, https:\/\/www.laboratoiresactiva.com\/en\/wp-content\/uploads\/2019\/10\/vitafoods-asia-800x562-1-700x441.png 700w\" sizes=\"(max-width: 700px) 100vw, 700px\" \/><\/a><\/li><\/ul><\/div><div class=\"recent-posts-content\"><span class=\"vcard\" style=\"display: none;\"><span class=\"fn\"><a href=\"https:\/\/www.laboratoiresactiva.com\/en\/author\/equipe-asie-us\/\" title=\"Posts by Asia Team\" rel=\"author\">Asia Team<\/a><\/span><\/span><span class=\"updated\" style=\"display:none;\">2020-02-13T11:49:22+01:00<\/span><h4 class=\"entry-title\"><a href=\"https:\/\/www.laboratoiresactiva.com\/en\/laboratoires-activa-vitafoods-asia\/\">[ASIA] Laboratoires Activa at Vitafoods Asia<\/a><\/h4><p class=\"meta\"><span class=\"vcard\" style=\"display: none;\"><span class=\"fn\"><a href=\"https:\/\/www.laboratoiresactiva.com\/en\/author\/equipe-asie-us\/\" title=\"Posts by Asia Team\" rel=\"author\">Asia Team<\/a><\/span><\/span><span class=\"updated\" style=\"display:none;\">2020-02-13T11:49:22+01:00<\/span><\/p><\/div><\/article><article class=\"post fusion-column column col col-lg-4 col-md-4 col-sm-4\"><div class=\"fusion-flexslider fusion-flexslider-loading flexslider flexslider-hover-type-liftup\"><ul class=\"slides\"><li><a href=\"https:\/\/www.laboratoiresactiva.com\/en\/laboratoires-activa-au-expo-ecosalud-barcelona-2019\/\" aria-label=\"[BARCELONA] Laboratoires Activa at Expo Ecosalud Barcelona 2019\" class=\"hover-type-liftup\"><img decoding=\"async\" width=\"700\" height=\"441\" src=\"https:\/\/www.laboratoiresactiva.com\/en\/wp-content\/uploads\/2019\/10\/ecosalud-espagna-800x562-1-700x441.png\" class=\"attachment-recent-posts size-recent-posts\" alt=\"\" srcset=\"https:\/\/www.laboratoiresactiva.com\/en\/wp-content\/uploads\/2019\/10\/ecosalud-espagna-800x562-1-320x202.png 320w, https:\/\/www.laboratoiresactiva.com\/en\/wp-content\/uploads\/2019\/10\/ecosalud-espagna-800x562-1-700x441.png 700w\" sizes=\"(max-width: 700px) 100vw, 700px\" \/><\/a><\/li><\/ul><\/div><div class=\"recent-posts-content\"><span class=\"vcard\" style=\"display: none;\"><span class=\"fn\"><a href=\"https:\/\/www.laboratoiresactiva.com\/en\/author\/equipe-asie-us\/\" title=\"Posts by Asia Team\" rel=\"author\">Asia Team<\/a><\/span><\/span><span class=\"updated\" style=\"display:none;\">2020-02-13T11:50:16+01:00<\/span><h4 class=\"entry-title\"><a href=\"https:\/\/www.laboratoiresactiva.com\/en\/laboratoires-activa-au-expo-ecosalud-barcelona-2019\/\">[BARCELONA] Laboratoires Activa at Expo Ecosalud Barcelona 2019<\/a><\/h4><p class=\"meta\"><span class=\"vcard\" style=\"display: none;\"><span class=\"fn\"><a href=\"https:\/\/www.laboratoiresactiva.com\/en\/author\/equipe-asie-us\/\" title=\"Posts by Asia Team\" rel=\"author\">Asia Team<\/a><\/span><\/span><span class=\"updated\" style=\"display:none;\">2020-02-13T11:50:16+01:00<\/span><\/p><\/div><\/article><\/section><\/div><div class=\"fusion-clearfix\"><\/div><\/div><\/div><\/div><\/div>\n","protected":false},"excerpt":{"rendered":"","protected":false},"author":3,"featured_media":0,"parent":0,"menu_order":0,"comment_status":"closed","ping_status":"closed","template":"100-width.php","meta":{"_monsterinsights_skip_tracking":false,"_monsterinsights_sitenote_active":false,"_monsterinsights_sitenote_note":"","_monsterinsights_sitenote_category":0,"footnotes":""},"class_list":["post-3070","page","type-page","status-publish","hentry"],"yoast_head":"<!-- This site is optimized with the Yoast SEO plugin v26.6 - https:\/\/yoast.com\/wordpress\/plugins\/seo\/ -->\n<title>Laboratoires Activa - Events<\/title>\n<meta name=\"description\" content=\"Les Laboratoires Activa, sp\u00e9cialistes en phytoth\u00e9rapie vous propose une gamme de compl\u00e9ments alimentaires \u00e0 base de plantes aux actifs 100% naturels\" \/>\n<meta name=\"robots\" content=\"index, follow, max-snippet:-1, max-image-preview:large, max-video-preview:-1\" \/>\n<link rel=\"canonical\" href=\"https:\/\/www.laboratoiresactiva.com\/en\/news-events\/\" \/>\n<meta property=\"og:locale\" content=\"en_US\" \/>\n<meta property=\"og:type\" content=\"article\" \/>\n<meta property=\"og:title\" content=\"Laboratoires Activa - Events\" \/>\n<meta property=\"og:description\" content=\"Les Laboratoires Activa, sp\u00e9cialistes en phytoth\u00e9rapie vous propose une gamme de compl\u00e9ments alimentaires \u00e0 base de plantes aux actifs 100% naturels\" \/>\n<meta property=\"og:url\" content=\"https:\/\/www.laboratoiresactiva.com\/en\/news-events\/\" \/>\n<meta property=\"og:site_name\" content=\"Laboratoires Activa\" \/>\n<meta property=\"article:modified_time\" content=\"2020-01-16T12:02:42+00:00\" \/>\n<meta name=\"twitter:card\" content=\"summary_large_image\" \/>\n<meta name=\"twitter:label1\" content=\"Est. reading time\" \/>\n\t<meta name=\"twitter:data1\" content=\"2 minutes\" \/>\n<script type=\"application\/ld+json\" class=\"yoast-schema-graph\">{\"@context\":\"https:\/\/schema.org\",\"@graph\":[{\"@type\":\"WebPage\",\"@id\":\"https:\/\/www.laboratoiresactiva.com\/en\/news-events\/\",\"url\":\"https:\/\/www.laboratoiresactiva.com\/en\/news-events\/\",\"name\":\"Laboratoires Activa - Events\",\"isPartOf\":{\"@id\":\"https:\/\/www.laboratoiresactiva.com\/en\/#website\"},\"datePublished\":\"2019-05-29T14:07:47+00:00\",\"dateModified\":\"2020-01-16T12:02:42+00:00\",\"description\":\"Les Laboratoires Activa, sp\u00e9cialistes en phytoth\u00e9rapie vous propose une gamme de compl\u00e9ments alimentaires \u00e0 base de plantes aux actifs 100% naturels\",\"breadcrumb\":{\"@id\":\"https:\/\/www.laboratoiresactiva.com\/en\/news-events\/#breadcrumb\"},\"inLanguage\":\"en-US\",\"potentialAction\":[{\"@type\":\"ReadAction\",\"target\":[\"https:\/\/www.laboratoiresactiva.com\/en\/news-events\/\"]}]},{\"@type\":\"BreadcrumbList\",\"@id\":\"https:\/\/www.laboratoiresactiva.com\/en\/news-events\/#breadcrumb\",\"itemListElement\":[{\"@type\":\"ListItem\",\"position\":1,\"name\":\"Accueil\",\"item\":\"https:\/\/www.laboratoiresactiva.com\/en\/\"},{\"@type\":\"ListItem\",\"position\":2,\"name\":\"News Events\"}]},{\"@type\":\"WebSite\",\"@id\":\"https:\/\/www.laboratoiresactiva.com\/en\/#website\",\"url\":\"https:\/\/www.laboratoiresactiva.com\/en\/\",\"name\":\"Laboratoires Activa\",\"description\":\"Supplements 100% naturals\",\"potentialAction\":[{\"@type\":\"SearchAction\",\"target\":{\"@type\":\"EntryPoint\",\"urlTemplate\":\"https:\/\/www.laboratoiresactiva.com\/en\/?s={search_term_string}\"},\"query-input\":{\"@type\":\"PropertyValueSpecification\",\"valueRequired\":true,\"valueName\":\"search_term_string\"}}],\"inLanguage\":\"en-US\"}]}<\/script>\n<!-- \/ Yoast SEO plugin. -->","yoast_head_json":{"title":"Laboratoires Activa - Events","description":"Les Laboratoires Activa, sp\u00e9cialistes en phytoth\u00e9rapie vous propose une gamme de compl\u00e9ments alimentaires \u00e0 base de plantes aux actifs 100% naturels","robots":{"index":"index","follow":"follow","max-snippet":"max-snippet:-1","max-image-preview":"max-image-preview:large","max-video-preview":"max-video-preview:-1"},"canonical":"https:\/\/www.laboratoiresactiva.com\/en\/news-events\/","og_locale":"en_US","og_type":"article","og_title":"Laboratoires Activa - Events","og_description":"Les Laboratoires Activa, sp\u00e9cialistes en phytoth\u00e9rapie vous propose une gamme de compl\u00e9ments alimentaires \u00e0 base de plantes aux actifs 100% naturels","og_url":"https:\/\/www.laboratoiresactiva.com\/en\/news-events\/","og_site_name":"Laboratoires Activa","article_modified_time":"2020-01-16T12:02:42+00:00","twitter_card":"summary_large_image","twitter_misc":{"Est. reading time":"2 minutes"},"schema":{"@context":"https:\/\/schema.org","@graph":[{"@type":"WebPage","@id":"https:\/\/www.laboratoiresactiva.com\/en\/news-events\/","url":"https:\/\/www.laboratoiresactiva.com\/en\/news-events\/","name":"Laboratoires Activa - Events","isPartOf":{"@id":"https:\/\/www.laboratoiresactiva.com\/en\/#website"},"datePublished":"2019-05-29T14:07:47+00:00","dateModified":"2020-01-16T12:02:42+00:00","description":"Les Laboratoires Activa, sp\u00e9cialistes en phytoth\u00e9rapie vous propose une gamme de compl\u00e9ments alimentaires \u00e0 base de plantes aux actifs 100% naturels","breadcrumb":{"@id":"https:\/\/www.laboratoiresactiva.com\/en\/news-events\/#breadcrumb"},"inLanguage":"en-US","potentialAction":[{"@type":"ReadAction","target":["https:\/\/www.laboratoiresactiva.com\/en\/news-events\/"]}]},{"@type":"BreadcrumbList","@id":"https:\/\/www.laboratoiresactiva.com\/en\/news-events\/#breadcrumb","itemListElement":[{"@type":"ListItem","position":1,"name":"Accueil","item":"https:\/\/www.laboratoiresactiva.com\/en\/"},{"@type":"ListItem","position":2,"name":"News Events"}]},{"@type":"WebSite","@id":"https:\/\/www.laboratoiresactiva.com\/en\/#website","url":"https:\/\/www.laboratoiresactiva.com\/en\/","name":"Laboratoires Activa","description":"Supplements 100% naturals","potentialAction":[{"@type":"SearchAction","target":{"@type":"EntryPoint","urlTemplate":"https:\/\/www.laboratoiresactiva.com\/en\/?s={search_term_string}"},"query-input":{"@type":"PropertyValueSpecification","valueRequired":true,"valueName":"search_term_string"}}],"inLanguage":"en-US"}]}},"_links":{"self":[{"href":"https:\/\/www.laboratoiresactiva.com\/en\/wp-json\/wp\/v2\/pages\/3070","targetHints":{"allow":["GET"]}}],"collection":[{"href":"https:\/\/www.laboratoiresactiva.com\/en\/wp-json\/wp\/v2\/pages"}],"about":[{"href":"https:\/\/www.laboratoiresactiva.com\/en\/wp-json\/wp\/v2\/types\/page"}],"author":[{"embeddable":true,"href":"https:\/\/www.laboratoiresactiva.com\/en\/wp-json\/wp\/v2\/users\/3"}],"replies":[{"embeddable":true,"href":"https:\/\/www.laboratoiresactiva.com\/en\/wp-json\/wp\/v2\/comments?post=3070"}],"version-history":[{"count":4,"href":"https:\/\/www.laboratoiresactiva.com\/en\/wp-json\/wp\/v2\/pages\/3070\/revisions"}],"predecessor-version":[{"id":3833,"href":"https:\/\/www.laboratoiresactiva.com\/en\/wp-json\/wp\/v2\/pages\/3070\/revisions\/3833"}],"wp:attachment":[{"href":"https:\/\/www.laboratoiresactiva.com\/en\/wp-json\/wp\/v2\/media?parent=3070"}],"curies":[{"name":"wp","href":"https:\/\/api.w.org\/{rel}","templated":true}]}}