{"id":3122,"date":"2019-06-03T21:06:43","date_gmt":"2019-06-03T19:06:43","guid":{"rendered":"https:\/\/www.laboratoiresactiva.com\/fr\/?page_id=3122"},"modified":"2021-02-03T14:32:49","modified_gmt":"2021-02-03T13:32:49","slug":"politique-de-confidentialite-et-de-protection-des-donnees-personnelles","status":"publish","type":"page","link":"https:\/\/www.laboratoiresactiva.com\/fr\/politique-de-confidentialite-et-de-protection-des-donnees-personnelles\/","title":{"rendered":"Politique de confidentialit\u00e9 et de protection des donn\u00e9es personnelles"},"content":{"rendered":"<div class=\"fusion-fullwidth fullwidth-box fusion-builder-row-1 nonhundred-percent-fullwidth non-hundred-percent-height-scrolling\" style=\"--awb-border-radius-top-left:0px;--awb-border-radius-top-right:0px;--awb-border-radius-bottom-right:0px;--awb-border-radius-bottom-left:0px;--awb-flex-wrap:wrap;\" ><div class=\"fusion-builder-row fusion-row\"><div class=\"fusion-layout-column fusion_builder_column fusion-builder-column-0 fusion_builder_column_1_1 1_1 fusion-one-full fusion-column-first fusion-column-last\" style=\"--awb-bg-size:cover;\"><div class=\"fusion-column-wrapper fusion-flex-column-wrapper-legacy\"><div class=\"fusion-text fusion-text-1\"><h3><strong>Politique de confidentialit\u00e9 et de <\/strong><strong>Protection des donn\u00e9es personnelles<\/strong><\/h3>\n<p>Depuis le 25 mai 2018,\u00a0le r\u00e8glement g\u00e9n\u00e9ral sur la protection des donn\u00e9es (RGPD) met \u00e0 jour la r\u00e9glementation autour de vos donn\u00e9es personnelles.\u00a0Certaines modifications ont \u00e9t\u00e9 apport\u00e9es \u00e0 notre politique de confidentialit\u00e9 ci-dessous, afin d\u2019\u00eatre conforme au RGPD.<\/p>\n<p>Nous visons \u00e0 mener nos activit\u00e9s en conformit\u00e9 avec les exigences de la RGPD pour respecter votre vie priv\u00e9e.\u00a0Vos donn\u00e9es personnelles sont collect\u00e9es pour que nous puissions communiquer avec vous sur nos services et produits et am\u00e9liorer votre exp\u00e9rience utilisateur sur notre site web.<\/p>\n<h4><strong>Protection des donn\u00e9es<\/strong><\/h4>\n<p>Dans la pr\u00e9sente D\u00e9claration de confidentialit\u00e9, nous vous informons concernant la collecte de vos donn\u00e9es personnelles, comment nous les utilisons, la finalit\u00e9 de leur utilisation ainsi que la base juridique de cette d\u00e9marche et les droits et recours qui en d\u00e9coulent pour vous.<\/p>\n<h4><strong>Identit\u00e9 du Responsable du traitement des donn\u00e9es<\/strong><\/h4>\n<p>Le responsable du traitement des donn\u00e9es est la personne, l&rsquo;entreprise ou un autre organisme qui d\u00e9termine la finalit\u00e9 et les moyens du traitement des donn\u00e9es \u00e0 caract\u00e8re personnel.<\/p>\n<p>Notre Responsable du traitement des Donn\u00e9es Personnelles est\u00a0: Amalric Veret, 04 92 08 00 83.<\/p>\n<h4><strong>Origine et collecte de vos donn\u00e9es<\/strong><strong>\u00a0<\/strong><\/h4>\n<p>Toutes les donn\u00e9es concernant les clients sont collect\u00e9es directement aupr\u00e8s de ces derniers.<\/p>\n<h4><strong>Finalit\u00e9 de la collecte des donn\u00e9es personnelles<\/strong><\/h4>\n<p>Les traitements de donn\u00e9es \u00e0 caract\u00e8re personnel mis en \u0153uvre ont pour base juridique\u00a0:<\/p>\n<p><strong>1\/ l\u2019int\u00e9r\u00eat l\u00e9gitime poursuivi par la soci\u00e9t\u00e9 lorsqu\u2019elle poursuit les finalit\u00e9s suivantes<\/strong>\u00a0:<\/p>\n<p>&#8211; prospection et animation ;<\/p>\n<p>&#8211; gestion de la relation avec ses clients et prospects ;<\/p>\n<p>&#8211; organisation, inscription et invitation aux \u00e9v\u00e9nements de la soci\u00e9t\u00e9<\/p>\n<p>&#8211; r\u00e9ponse aux demandes de renseignements et des personnes que vous avez autoris\u00e9es<\/p>\n<p>&#8211; envoi de courriels contenant des articles \u00e9ducatifs, des mises \u00e0 jour sur les produits et services et d&rsquo;autres nouvelles pertinentes en lien avec notre entreprise (courriels, bulletins d&rsquo;information)<\/p>\n<p>&#8211; \u00e9tudes de march\u00e9 et des enqu\u00eates de satisfaction client<\/p>\n<p><strong>2\/ l\u2019ex\u00e9cution de mesures pr\u00e9contractuelles ou du contrat lorsqu\u2019il met en \u0153uvre un traitement ayant pour finalit\u00e9<\/strong>\u00a0:<\/p>\n<p>&#8211; traitement des commandes en ligne<\/p>\n<p>&#8211; recouvrement<\/p>\n<p><strong>3\/ le respect d\u2019obligations l\u00e9gales et r\u00e9glementaires lorsqu\u2019il met en \u0153uvre un traitement ayant pour finalit\u00e9 :<\/strong><\/p>\n<p>&#8211; pr\u00e9vention et lutte contre la fraude informatique (spamming, hacking\u2026) ;<\/p>\n<p>&#8211; la facturation ;<\/p>\n<p>&#8211; la comptabilit\u00e9.<\/p>\n<h4><strong>Types de donn\u00e9es trait\u00e9es<\/strong><\/h4>\n<p>Nous sommes susceptibles de traiter vos donn\u00e9es personnelles suivantes\u00a0:<\/p>\n<ul>\n<li>\u00a0\u00a0\u00a0\u00a0\u00a0\u00a0\u00a0\u00a0\u00a0\u00a0 Nom (et nom de naissance), pr\u00e9nom, date de naissance<\/li>\n<li>\u00a0\u00a0\u00a0\u00a0\u00a0\u00a0\u00a0\u00a0\u00a0\u00a0 Num\u00e9ro de t\u00e9l\u00e9phone, adresse email, adresse postale (\u00e9ventuellement digicode)<\/li>\n<li>\u00a0\u00a0\u00a0\u00a0\u00a0\u00a0\u00a0\u00a0\u00a0\u00a0 Mot de passe<\/li>\n<li>\u00a0\u00a0\u00a0\u00a0\u00a0\u00a0\u00a0\u00a0\u00a0\u00a0 Ces m\u00eames donn\u00e9es concernant les proches pour lesquels le client nous aurait autoris\u00e9<\/li>\n<li>\u00a0\u00a0\u00a0\u00a0\u00a0\u00a0\u00a0\u00a0\u00a0\u00a0\u00a0pour permettre la navigation sur le Site : donn\u00e9es de connexion et d\u2019utilisation du Site<\/li>\n<li>\u00a0\u00a0\u00a0\u00a0\u00a0\u00a0\u00a0\u00a0\u00a0\u00a0\u00a0pour pr\u00e9venir et lutter contre la fraude informatique (spamming, hacking\u2026) : mat\u00e9riel informatique utilis\u00e9 pour la navigation, l\u2019adresse IP, le mot de passe (hash\u00e9)<\/li>\n<li>\u00a0\u00a0\u00a0\u00a0\u00a0\u00a0\u00a0\u00a0\u00a0\u00a0\u00a0pour am\u00e9liorer la navigation sur le Site: donn\u00e9es de connexion et d\u2019utilisation<\/li>\n<li>\u00a0\u00a0\u00a0\u00a0\u00a0\u00a0\u00a0\u00a0\u00a0\u00a0\u00a0pour mener des enqu\u00eates de satisfaction : adresse email<\/li>\n<li>\u00a0\u00a0\u00a0\u00a0\u00a0\u00a0\u00a0\u00a0\u00a0\u00a0\u00a0pour mener des campagnes de communication (sms, mail) : num\u00e9ro de t\u00e9l\u00e9phone, adresse email<\/li>\n<\/ul>\n<p><strong>\u00a0<\/strong><\/p>\n<h4><strong>Consultation\/divulgation des donn\u00e9es personnelles<\/strong><\/h4>\n<p>Sous r\u00e9serve des dispositions de toute loi applicable, vos donn\u00e9es personnelles peuvent \u00eatre consult\u00e9es\/divulgu\u00e9es comme suit :<\/p>\n<ul>\n<li>Par les employ\u00e9s de laboratoiresactiva.com, pour vous fournir du contenu, des produits et des services.<\/li>\n<li>Par des consultants nous fournissant des services et directement impliqu\u00e9s dans les services et produits que nous vous fournissons.<\/li>\n<li>Par des partenaires commerciaux et des fournisseurs avec lesquels nous travaillons pour am\u00e9liorer notre service ou pour vous livrer les produits et services que vous achetez et utilisez.<\/li>\n<li>Avec les organismes de r\u00e9glementation de l&rsquo;industrie et d&rsquo;autres organisations gouvernementales, conform\u00e9ment aux lois et r\u00e8glements locaux.<\/li>\n<li>Avec des institutions financi\u00e8res (paiement).<\/li>\n<\/ul>\n<p>Nous avons mis en place des mesures strictes au sein de notre organisation pour s\u00e9curiser et prot\u00e9ger vos informations avec des proc\u00e9dures de s\u00e9curit\u00e9 et un acc\u00e8s limit\u00e9 et contr\u00f4l\u00e9.\u00a0Nous ne vendrons ni ne louerons cette information \u00e0 quiconque.<\/p>\n<p>Vos donn\u00e9es ne seront jamais transmises \u00e0 des acteurs commerciaux ou publicitaires.<\/p>\n<h4><strong>S\u00e9curit\u00e9 et Dur\u00e9e de conservation des donn\u00e9es<\/strong><\/h4>\n<p>Des mesures de s\u00e9curit\u00e9 appropri\u00e9es seront adopt\u00e9es pour prot\u00e9ger vos informations contre l&rsquo;acc\u00e8s par des personnes non autoris\u00e9es et contre le traitement ill\u00e9gal, la perte accidentelle, la destruction et les dommages.\u00a0Cependant, vous reconnaissez que la transmission de donn\u00e9es sur Internet est intrins\u00e8quement non s\u00e9curis\u00e9e et que nous ne pouvons pas garantir la s\u00e9curit\u00e9 des donn\u00e9es que vous envoyez sur Internet.<\/p>\n<p>Vos informations seront conserv\u00e9es uniquement le temps n\u00e9cessaire pour les finalit\u00e9s poursuivies, conform\u00e9ment aux prescriptions l\u00e9gales.<\/p>\n<h4><strong>Cookies<\/strong><\/h4>\n<p>Notre site Web peut utiliser des cookies [fichier d\u00e9pos\u00e9 sur le disque dur de l&rsquo;internaute, lors de la consultation de certains sites web, et qui conserve des informations en vue d&rsquo;une connexion ult\u00e9rieure]. Les cookies nous permettent de surveiller l&rsquo;utilisation de notre site Web, d&rsquo;am\u00e9liorer sa convivialit\u00e9 et de personnaliser le contenu pour votre b\u00e9n\u00e9fice.<\/p>\n<p>Si vous n&rsquo;\u00eates pas d&rsquo;accord avec l&rsquo;utilisation de cookies, vous pouvez modifier les param\u00e8tres de votre navigateur Internet pour refuser les cookies.<\/p>\n<h4><strong>Sites tiers<\/strong><\/h4>\n<p>Le site Web peut contenir des liens vers des sites Web ou l&rsquo;acc\u00e8s \u00e0 des applications exploit\u00e9es par des tiers.\u00a0Nous ne contr\u00f4lons pas et nous n&rsquo;acceptons aucune responsabilit\u00e9 pour ces sites Web et cette politique de confidentialit\u00e9 ne s&rsquo;applique pas \u00e0 ces sites.\u00a0Veuillez consulter les termes \/ conditions et la politique de confidentialit\u00e9 de ces sites Web tiers pour savoir comment ils collectent et utilisent vos donn\u00e9es personnelles afin d\u2019\u00e9tablir s&rsquo;ils utilisent des cookies et en quoi ils peuvent les utiliser.<\/p>\n<h4><strong>Mise \u00e0 jour de notre politique de confidentialit\u00e9<\/strong><\/h4>\n<p>Cette Politique peut \u00eatre modifi\u00e9e, compl\u00e9t\u00e9e ou mise \u00e0 jour afin notamment de se conformer \u00e0 toute \u00e9volution l\u00e9gale, r\u00e9glementaire, jurisprudentielle et technique. Cependant, les Donn\u00e9es Personnelles de l\u2019Utilisateur seront toujours trait\u00e9es conform\u00e9ment \u00e0 la politique en vigueur au moment de leur collecte, sauf si une prescription l\u00e9gale imp\u00e9rative venait \u00e0 en disposer autrement et serait d&rsquo;application r\u00e9troactive<\/p>\n<p>Vous reconnaissez et acceptez qu&rsquo;il est de votre responsabilit\u00e9 de r\u00e9viser cette politique de confidentialit\u00e9 p\u00e9riodiquement et de prendre connaissance des modifications.\u00a0Vous pouvez vous r\u00e9f\u00e9rer \u00e0 la date de mise \u00e0 jour au bas de la politique.<\/p>\n<h4><strong>Votre acceptation de ces termes<\/strong><\/h4>\n<p>En utilisant ce site, vous signifiez votre acceptation de cette politique.\u00a0Si vous n&rsquo;\u00eates pas d&rsquo;accord avec cette politique, n&rsquo;utilisez pas ce site web.\u00a0Votre utilisation continue du site Web apr\u00e8s l&rsquo;affichage de modifications \u00e0 cette politique sera consid\u00e9r\u00e9e comme votre acceptation de ces changements.<\/p>\n<h4><strong>Bases juridiques du traitement<\/strong><\/h4>\n<ul>\n<li>\u00a0\u00a0D\u00e8s lors que vous avez accept\u00e9 le traitement de vos donn\u00e9es personnelles, ce consentement constitue le fondement juridique du traitement (Art. 6 par. 1 point a RGPD).<\/li>\n<li>\u00a0\u00a0L\u2019Art. 6 par. 1 point b RGPD repr\u00e9sente la base juridique du traitement des donn\u00e9es personnelles aux fins d\u2019initiation ou d\u2019ex\u00e9cution d\u2019un contrat conclu avec vous-m\u00eame.<\/li>\n<li>\u00a0\u00a0Si le traitement de vos donn\u00e9es personnelles est n\u00e9cessaire \u00e0 l\u2019ex\u00e9cution de nos obligations l\u00e9gales (par ex. pour la conservation des donn\u00e9es), il aura pour fondement juridique l\u2019Art. 6 par. 1 point c RGPD.<\/li>\n<li>\u00a0\u00a0Nous traitons en outre les donn\u00e9es personnelles aux fins de pr\u00e9servation de nos int\u00e9r\u00eats l\u00e9gitimes, ainsi que des int\u00e9r\u00eats l\u00e9gitimes de tiers aux termes de l\u2019Art. 6 par. 1 point f RGPD. La pr\u00e9servation de la fonctionnalit\u00e9 de nos syst\u00e8mes informatiques, mais aussi la commercialisation de produits et de services propres et externes, ainsi que la documentation l\u00e9galement requise des contacts commerciaux font partie de ces int\u00e9r\u00eats l\u00e9gitimes.<\/li>\n<li>\u00a0\u00a0Suppression de vos donn\u00e9es personnelles\u00a0:\u00a0nous supprimerons en outre vos donn\u00e9es personnelles d\u00e8s que la finalit\u00e9 de leur collecte et de leur traitement par nos services aura disparu. Pass\u00e9e cette date, un stockage ne pourra avoir lieu que si cela s\u2019av\u00e8re n\u00e9cessaire en vertu des lois, des r\u00e8glements ou autres prescriptions l\u00e9gales de l\u2019Union europ\u00e9enne en vigueur.<\/li>\n<\/ul>\n<h4><strong>Droits des personnes concern\u00e9es<\/strong><\/h4>\n<ul>\n<li>\u00a0\u00a0En tant que personne concern\u00e9e par le traitement des donn\u00e9es, vous avez un droit d\u2019acc\u00e8s aux donn\u00e9es (Art. 15 RGPD), de rectification (Art. 16 RGPD), d\u2019effacement (Art. 17 RGPD), de limitation du traitement (Art. 18 RGPD) et de portabilit\u00e9 des donn\u00e9es (Art. 20 RGPD).<\/li>\n<li>\u00a0\u00a0Si vous avez accept\u00e9 le traitement de vos donn\u00e9es personnelles par nos soins, vous aurez \u00e0 tout moment le droit de revenir sur votre consentement. Votre r\u00e9vocation n\u2019affecte pas la l\u00e9galit\u00e9 du traitement de vos donn\u00e9es personnelles jusqu\u2019\u00e0 ladite r\u00e9vocation. La validit\u00e9 du traitement de ces donn\u00e9es sur une autre base juridique, et notamment en vue de satisfaire \u00e0 des obligations juridiques (cf. point \u00ab Bases juridiques du traitement \u00bb) ne s\u2019en trouve pas non plus affect\u00e9e.<\/li>\n<li>\u00a0\u00a0Si vous consid\u00e9rez que le traitement de vos donn\u00e9es personnelles enfreint les dispositions l\u00e9gales, vous avez le droit d\u2019introduire une r\u00e9clamation aupr\u00e8s d\u2019une autorit\u00e9 de contr\u00f4le de la protection des donn\u00e9es comp\u00e9tente (Art. 77 RGPD).<\/li>\n<\/ul>\n<p>Nos messages marketing visent \u00e0 vous tenir au courant de nos \u00e9v\u00e9nements, de nos produits, de nos actualit\u00e9s et de nos offres. Vous pouvez \u00e0 tout moment vous d\u00e9sinscrire de nos courriels de marketing en utilisant le lien \u00abD\u00e9sabonnement\u00bb au bas des courriels que nous vous envoyons.<\/p>\n<p>Veuillez noter que si vous retirez votre consentement \u00e0 tout ou partie de l&rsquo;utilisation de vos Donn\u00e9es Personnelles, en fonction de la nature de votre demande, nous pourrions ne pas \u00eatre en mesure de continuer \u00e0 vous fournir ses produits et \/ ou services.<\/p>\n<h4><strong>Contact &#8211; Coordonn\u00e9es<\/strong><\/h4>\n<p>Vous souhaitez poser des questions concernant vos donn\u00e9es personnelles (consultations, modifications, suppressions\u2026) ou notre politique de protection des donn\u00e9es\u00a0?<\/p>\n<p>Vous avez des r\u00e9clamations \u00e0 faire concernant l\u2019application de la pr\u00e9sente politique\u00a0?<\/p>\n<p>Vous pouvez nous contacter \u00e0 l&rsquo;adresse email suivante: <a href=\"mailto:contact@laboratoiresactiva.com\">contact@laboratoiresactiva.com<\/a><\/p>\n<p>Ou en nous adressant un courrier \u00e0 l\u2019adresse suivante : Laboratoires Activa 49 rue de Ponthieu &#8211; 75008 Paris<\/p>\n<\/div><div class=\"fusion-clearfix\"><\/div><\/div><\/div><\/div><\/div>\n","protected":false},"excerpt":{"rendered":"","protected":false},"author":4,"featured_media":0,"parent":0,"menu_order":0,"comment_status":"closed","ping_status":"closed","template":"100-width.php","meta":{"_monsterinsights_skip_tracking":false,"_monsterinsights_sitenote_active":false,"_monsterinsights_sitenote_note":"","_monsterinsights_sitenote_category":0,"footnotes":""},"class_list":["post-3122","page","type-page","status-publish","hentry"],"yoast_head":"<!-- This site is optimized with the Yoast SEO plugin v27.5 - https:\/\/yoast.com\/product\/yoast-seo-wordpress\/ -->\n<title>Politique de confidentialit\u00e9 et de protection des donn\u00e9es personnelles - Laboratoires Activa<\/title>\n<meta name=\"description\" content=\"Politique de confidentialit\u00e9 et de protection des donn\u00e9es personnelles des Laboratoires Activa\" \/>\n<meta name=\"robots\" content=\"index, follow, max-snippet:-1, max-image-preview:large, max-video-preview:-1\" \/>\n<link rel=\"canonical\" href=\"https:\/\/www.laboratoiresactiva.com\/fr\/politique-de-confidentialite-et-de-protection-des-donnees-personnelles\/\" \/>\n<meta property=\"og:locale\" content=\"fr_FR\" \/>\n<meta property=\"og:type\" content=\"article\" \/>\n<meta property=\"og:title\" content=\"Politique de confidentialit\u00e9 et de protection des donn\u00e9es personnelles - Laboratoires Activa\" \/>\n<meta property=\"og:description\" content=\"Politique de confidentialit\u00e9 et de protection des donn\u00e9es personnelles des Laboratoires Activa\" \/>\n<meta property=\"og:url\" content=\"https:\/\/www.laboratoiresactiva.com\/fr\/politique-de-confidentialite-et-de-protection-des-donnees-personnelles\/\" \/>\n<meta property=\"og:site_name\" content=\"Laboratoires Activa\" \/>\n<meta property=\"article:modified_time\" content=\"2021-02-03T13:32:49+00:00\" \/>\n<meta name=\"twitter:card\" content=\"summary_large_image\" \/>\n<meta name=\"twitter:label1\" content=\"Dur\u00e9e de lecture estim\u00e9e\" \/>\n\t<meta name=\"twitter:data1\" content=\"10 minutes\" \/>\n<script type=\"application\/ld+json\" class=\"yoast-schema-graph\">{\"@context\":\"https:\\\/\\\/schema.org\",\"@graph\":[{\"@type\":\"WebPage\",\"@id\":\"https:\\\/\\\/www.laboratoiresactiva.com\\\/fr\\\/politique-de-confidentialite-et-de-protection-des-donnees-personnelles\\\/\",\"url\":\"https:\\\/\\\/www.laboratoiresactiva.com\\\/fr\\\/politique-de-confidentialite-et-de-protection-des-donnees-personnelles\\\/\",\"name\":\"Politique de confidentialit\u00e9 et de protection des donn\u00e9es personnelles - Laboratoires Activa\",\"isPartOf\":{\"@id\":\"https:\\\/\\\/www.laboratoiresactiva.com\\\/fr\\\/#website\"},\"datePublished\":\"2019-06-03T19:06:43+00:00\",\"dateModified\":\"2021-02-03T13:32:49+00:00\",\"description\":\"Politique de confidentialit\u00e9 et de protection des donn\u00e9es personnelles des Laboratoires Activa\",\"breadcrumb\":{\"@id\":\"https:\\\/\\\/www.laboratoiresactiva.com\\\/fr\\\/politique-de-confidentialite-et-de-protection-des-donnees-personnelles\\\/#breadcrumb\"},\"inLanguage\":\"fr-FR\",\"potentialAction\":[{\"@type\":\"ReadAction\",\"target\":[\"https:\\\/\\\/www.laboratoiresactiva.com\\\/fr\\\/politique-de-confidentialite-et-de-protection-des-donnees-personnelles\\\/\"]}]},{\"@type\":\"BreadcrumbList\",\"@id\":\"https:\\\/\\\/www.laboratoiresactiva.com\\\/fr\\\/politique-de-confidentialite-et-de-protection-des-donnees-personnelles\\\/#breadcrumb\",\"itemListElement\":[{\"@type\":\"ListItem\",\"position\":1,\"name\":\"Accueil\",\"item\":\"https:\\\/\\\/www.laboratoiresactiva.com\\\/fr\\\/\"},{\"@type\":\"ListItem\",\"position\":2,\"name\":\"Politique de confidentialit\u00e9 et de protection des donn\u00e9es personnelles\"}]},{\"@type\":\"WebSite\",\"@id\":\"https:\\\/\\\/www.laboratoiresactiva.com\\\/fr\\\/#website\",\"url\":\"https:\\\/\\\/www.laboratoiresactiva.com\\\/fr\\\/\",\"name\":\"Laboratoires Activa\",\"description\":\"Compl\u00e9ments Alimentaires 100% naturels\",\"potentialAction\":[{\"@type\":\"SearchAction\",\"target\":{\"@type\":\"EntryPoint\",\"urlTemplate\":\"https:\\\/\\\/www.laboratoiresactiva.com\\\/fr\\\/?s={search_term_string}\"},\"query-input\":{\"@type\":\"PropertyValueSpecification\",\"valueRequired\":true,\"valueName\":\"search_term_string\"}}],\"inLanguage\":\"fr-FR\"}]}<\/script>\n<!-- \/ Yoast SEO plugin. -->","yoast_head_json":{"title":"Politique de confidentialit\u00e9 et de protection des donn\u00e9es personnelles - Laboratoires Activa","description":"Politique de confidentialit\u00e9 et de protection des donn\u00e9es personnelles des Laboratoires Activa","robots":{"index":"index","follow":"follow","max-snippet":"max-snippet:-1","max-image-preview":"max-image-preview:large","max-video-preview":"max-video-preview:-1"},"canonical":"https:\/\/www.laboratoiresactiva.com\/fr\/politique-de-confidentialite-et-de-protection-des-donnees-personnelles\/","og_locale":"fr_FR","og_type":"article","og_title":"Politique de confidentialit\u00e9 et de protection des donn\u00e9es personnelles - Laboratoires Activa","og_description":"Politique de confidentialit\u00e9 et de protection des donn\u00e9es personnelles des Laboratoires Activa","og_url":"https:\/\/www.laboratoiresactiva.com\/fr\/politique-de-confidentialite-et-de-protection-des-donnees-personnelles\/","og_site_name":"Laboratoires Activa","article_modified_time":"2021-02-03T13:32:49+00:00","twitter_card":"summary_large_image","twitter_misc":{"Dur\u00e9e de lecture estim\u00e9e":"10 minutes"},"schema":{"@context":"https:\/\/schema.org","@graph":[{"@type":"WebPage","@id":"https:\/\/www.laboratoiresactiva.com\/fr\/politique-de-confidentialite-et-de-protection-des-donnees-personnelles\/","url":"https:\/\/www.laboratoiresactiva.com\/fr\/politique-de-confidentialite-et-de-protection-des-donnees-personnelles\/","name":"Politique de confidentialit\u00e9 et de protection des donn\u00e9es personnelles - Laboratoires Activa","isPartOf":{"@id":"https:\/\/www.laboratoiresactiva.com\/fr\/#website"},"datePublished":"2019-06-03T19:06:43+00:00","dateModified":"2021-02-03T13:32:49+00:00","description":"Politique de confidentialit\u00e9 et de protection des donn\u00e9es personnelles des Laboratoires Activa","breadcrumb":{"@id":"https:\/\/www.laboratoiresactiva.com\/fr\/politique-de-confidentialite-et-de-protection-des-donnees-personnelles\/#breadcrumb"},"inLanguage":"fr-FR","potentialAction":[{"@type":"ReadAction","target":["https:\/\/www.laboratoiresactiva.com\/fr\/politique-de-confidentialite-et-de-protection-des-donnees-personnelles\/"]}]},{"@type":"BreadcrumbList","@id":"https:\/\/www.laboratoiresactiva.com\/fr\/politique-de-confidentialite-et-de-protection-des-donnees-personnelles\/#breadcrumb","itemListElement":[{"@type":"ListItem","position":1,"name":"Accueil","item":"https:\/\/www.laboratoiresactiva.com\/fr\/"},{"@type":"ListItem","position":2,"name":"Politique de confidentialit\u00e9 et de protection des donn\u00e9es personnelles"}]},{"@type":"WebSite","@id":"https:\/\/www.laboratoiresactiva.com\/fr\/#website","url":"https:\/\/www.laboratoiresactiva.com\/fr\/","name":"Laboratoires Activa","description":"Compl\u00e9ments Alimentaires 100% naturels","potentialAction":[{"@type":"SearchAction","target":{"@type":"EntryPoint","urlTemplate":"https:\/\/www.laboratoiresactiva.com\/fr\/?s={search_term_string}"},"query-input":{"@type":"PropertyValueSpecification","valueRequired":true,"valueName":"search_term_string"}}],"inLanguage":"fr-FR"}]}},"jetpack_sharing_enabled":true,"_links":{"self":[{"href":"https:\/\/www.laboratoiresactiva.com\/fr\/wp-json\/wp\/v2\/pages\/3122","targetHints":{"allow":["GET"]}}],"collection":[{"href":"https:\/\/www.laboratoiresactiva.com\/fr\/wp-json\/wp\/v2\/pages"}],"about":[{"href":"https:\/\/www.laboratoiresactiva.com\/fr\/wp-json\/wp\/v2\/types\/page"}],"author":[{"embeddable":true,"href":"https:\/\/www.laboratoiresactiva.com\/fr\/wp-json\/wp\/v2\/users\/4"}],"replies":[{"embeddable":true,"href":"https:\/\/www.laboratoiresactiva.com\/fr\/wp-json\/wp\/v2\/comments?post=3122"}],"version-history":[{"count":6,"href":"https:\/\/www.laboratoiresactiva.com\/fr\/wp-json\/wp\/v2\/pages\/3122\/revisions"}],"predecessor-version":[{"id":3948,"href":"https:\/\/www.laboratoiresactiva.com\/fr\/wp-json\/wp\/v2\/pages\/3122\/revisions\/3948"}],"wp:attachment":[{"href":"https:\/\/www.laboratoiresactiva.com\/fr\/wp-json\/wp\/v2\/media?parent=3122"}],"curies":[{"name":"wp","href":"https:\/\/api.w.org\/{rel}","templated":true}]}}