{"id":2840,"date":"2019-04-26T17:25:06","date_gmt":"2019-04-26T15:25:06","guid":{"rendered":"https:\/\/www.laboratoiresactiva.com\/it\/?page_id=2840"},"modified":"2020-10-29T19:58:32","modified_gmt":"2020-10-29T18:58:32","slug":"attualita","status":"publish","type":"page","link":"https:\/\/www.laboratoiresactiva.com\/it\/attualita\/","title":{"rendered":"Attualit\u00e0"},"content":{"rendered":"<div class=\"fusion-fullwidth fullwidth-box fusion-builder-row-1 nonhundred-percent-fullwidth non-hundred-percent-height-scrolling\" style=\"background-color: rgba(255,255,255,0);background-position: center center;background-repeat: no-repeat;padding-top:0px;padding-right:30px;padding-bottom:0px;padding-left:30px;margin-bottom: 0px;margin-top: 0px;border-width: 0px 0px 0px 0px;border-color:#eae9e9;border-style:solid;\" ><div class=\"fusion-builder-row fusion-row\"><div class=\"fusion-layout-column fusion_builder_column fusion-builder-column-0 fusion_builder_column_1_1 1_1 fusion-one-full fusion-column-first fusion-column-last\" style=\"margin-top:0px;margin-bottom:0px;\"><div class=\"fusion-column-wrapper fusion-flex-column-wrapper-legacy\" style=\"background-position:left top;background-repeat:no-repeat;-webkit-background-size:cover;-moz-background-size:cover;-o-background-size:cover;background-size:cover;padding: 50px 10px 50px 10px;\"><div class=\"fusion-text fusion-text-1\"><h2 style=\"text-align: center;\">Scoprite tutta l&rsquo;attualit\u00e0 dei Laboratori Activa<br \/>\nin Francia e a livello internazionale<\/h2>\n<\/div><div class=\"fusion-clearfix\"><\/div><\/div><\/div><\/div><\/div><div class=\"fusion-fullwidth fullwidth-box fusion-builder-row-2 nonhundred-percent-fullwidth non-hundred-percent-height-scrolling fusion-equal-height-columns\" style=\"background-color: rgba(255,255,255,0);background-position: center center;background-repeat: no-repeat;padding-top:0px;padding-right:30px;padding-bottom:0px;padding-left:30px;margin-bottom: 0px;margin-top: 0px;border-width: 0px 0px 0px 0px;border-color:#eae9e9;border-style:solid;\" ><div class=\"fusion-builder-row fusion-row\"><div class=\"fusion-layout-column fusion_builder_column fusion-builder-column-1 fusion_builder_column_1_1 1_1 fusion-one-full fusion-column-first fusion-column-last\" style=\"margin-top:0px;margin-bottom:0px;\"><div class=\"fusion-column-wrapper fusion-flex-column-wrapper-legacy\" style=\"background-position:left top;background-repeat:no-repeat;-webkit-background-size:cover;-moz-background-size:cover;-o-background-size:cover;background-size:cover;padding: 50px 10px 50px 10px;\"><div class=\"fusion-text fusion-text-2\"><h3 style=\"text-align: center;\">Eventi<\/h3>\n<\/div><div class=\"fusion-recent-posts fusion-recent-posts-1 avada-container layout-default layout-columns-3\"><section class=\"fusion-columns columns fusion-columns-3 columns-3\"><article class=\"post fusion-column column col col-lg-4 col-md-4 col-sm-4\"><div class=\"fusion-flexslider fusion-flexslider-loading flexslider flexslider-hover-type-liftup\"><ul class=\"slides\"><li><a href=\"https:\/\/www.laboratoiresactiva.com\/it\/i-laboratori-activa-salone-zen-2020\/\" aria-label=\"I laboratori Activa presenti al Salone Zen 2020\" class=\"hover-type-liftup\"><img decoding=\"async\" width=\"602\" height=\"363\" data-src=\"https:\/\/www.laboratoiresactiva.com\/it\/wp-content\/uploads\/2020\/10\/Salon-Zen-Octobre-2020.png\" class=\"attachment-recent-posts size-recent-posts lazyload\" alt=\"\" data-srcset=\"https:\/\/www.laboratoiresactiva.com\/it\/wp-content\/uploads\/2020\/10\/Salon-Zen-Octobre-2020-200x121.png 200w, https:\/\/www.laboratoiresactiva.com\/it\/wp-content\/uploads\/2020\/10\/Salon-Zen-Octobre-2020-300x181.png 300w, https:\/\/www.laboratoiresactiva.com\/it\/wp-content\/uploads\/2020\/10\/Salon-Zen-Octobre-2020-400x241.png 400w, https:\/\/www.laboratoiresactiva.com\/it\/wp-content\/uploads\/2020\/10\/Salon-Zen-Octobre-2020-600x362.png 600w, https:\/\/www.laboratoiresactiva.com\/it\/wp-content\/uploads\/2020\/10\/Salon-Zen-Octobre-2020.png 602w\" data-sizes=\"(max-width: 602px) 100vw, 602px\" src=\"data:image\/svg+xml;base64,PHN2ZyB3aWR0aD0iMSIgaGVpZ2h0PSIxIiB4bWxucz0iaHR0cDovL3d3dy53My5vcmcvMjAwMC9zdmciPjwvc3ZnPg==\" style=\"--smush-placeholder-width: 602px; --smush-placeholder-aspect-ratio: 602\/363;\" \/><\/a><\/li><\/ul><\/div><div class=\"recent-posts-content\"><span class=\"vcard\" style=\"display: none;\"><span class=\"fn\"><a href=\"https:\/\/www.laboratoiresactiva.com\/it\/author\/amanda\/\" title=\"Articles par Amanda Janvier\" rel=\"author\">Amanda Janvier<\/a><\/span><\/span><span class=\"updated\" style=\"display:none;\">2020-11-11T08:44:45+01:00<\/span><h4 class=\"entry-title\"><a href=\"https:\/\/www.laboratoiresactiva.com\/it\/i-laboratori-activa-salone-zen-2020\/\">I laboratori Activa presenti al Salone Zen 2020<\/a><\/h4><p class=\"meta\"><span class=\"vcard\" style=\"display: none;\"><span class=\"fn\"><a href=\"https:\/\/www.laboratoiresactiva.com\/it\/author\/amanda\/\" title=\"Articles par Amanda Janvier\" rel=\"author\">Amanda Janvier<\/a><\/span><\/span><span class=\"updated\" style=\"display:none;\">2020-11-11T08:44:45+01:00<\/span><\/p><p>   I laboratori Activa al Salone Zen 2020   Il Salone Zen \u00e8 tornato nel 2020 per [...]<\/p><\/div><\/article><article class=\"post fusion-column column col col-lg-4 col-md-4 col-sm-4\"><div class=\"fusion-flexslider fusion-flexslider-loading flexslider flexslider-hover-type-liftup\"><ul class=\"slides\"><li><a href=\"https:\/\/www.laboratoiresactiva.com\/it\/i-laboratori-activa-al-salone-zen\/\" aria-label=\"I Laboratori Activa al Salone Zen\" class=\"hover-type-liftup\"><img decoding=\"async\" width=\"700\" height=\"441\" data-src=\"https:\/\/www.laboratoiresactiva.com\/it\/wp-content\/uploads\/2019\/09\/salon-zen-700x441.png\" class=\"attachment-recent-posts size-recent-posts lazyload\" alt=\"\" data-srcset=\"https:\/\/www.laboratoiresactiva.com\/it\/wp-content\/uploads\/2019\/09\/salon-zen-320x202.png 320w, https:\/\/www.laboratoiresactiva.com\/it\/wp-content\/uploads\/2019\/09\/salon-zen-700x441.png 700w\" data-sizes=\"(max-width: 700px) 100vw, 700px\" src=\"data:image\/svg+xml;base64,PHN2ZyB3aWR0aD0iMSIgaGVpZ2h0PSIxIiB4bWxucz0iaHR0cDovL3d3dy53My5vcmcvMjAwMC9zdmciPjwvc3ZnPg==\" style=\"--smush-placeholder-width: 700px; --smush-placeholder-aspect-ratio: 700\/441;\" \/><\/a><\/li><\/ul><\/div><div class=\"recent-posts-content\"><span class=\"vcard\" style=\"display: none;\"><span class=\"fn\"><a href=\"https:\/\/www.laboratoiresactiva.com\/it\/author\/amanda\/\" title=\"Articles par Amanda Janvier\" rel=\"author\">Amanda Janvier<\/a><\/span><\/span><span class=\"updated\" style=\"display:none;\">2020-11-11T08:44:13+01:00<\/span><h4 class=\"entry-title\"><a href=\"https:\/\/www.laboratoiresactiva.com\/it\/i-laboratori-activa-al-salone-zen\/\">I Laboratori Activa al Salone Zen<\/a><\/h4><p class=\"meta\"><span class=\"vcard\" style=\"display: none;\"><span class=\"fn\"><a href=\"https:\/\/www.laboratoiresactiva.com\/it\/author\/amanda\/\" title=\"Articles par Amanda Janvier\" rel=\"author\">Amanda Janvier<\/a><\/span><\/span><span class=\"updated\" style=\"display:none;\">2020-11-11T08:44:13+01:00<\/span><\/p><p>  I Laboratori Activa al Salone Zen   Il Salone Zen \u00e8 tornato nel 2019 per una 32\u00aa [...]<\/p><\/div><\/article><article class=\"post fusion-column column col col-lg-4 col-md-4 col-sm-4\"><div class=\"fusion-flexslider fusion-flexslider-loading flexslider flexslider-hover-type-liftup\"><ul class=\"slides\"><li><a href=\"https:\/\/www.laboratoiresactiva.com\/it\/laboratori-activa-vitafoods-asia\/\" aria-label=\"I Laboratori Activa a Vitafoods Asia\" class=\"hover-type-liftup\"><img decoding=\"async\" width=\"700\" height=\"441\" data-src=\"https:\/\/www.laboratoiresactiva.com\/it\/wp-content\/uploads\/2019\/09\/vitafoods-asia-700x441.png\" class=\"attachment-recent-posts size-recent-posts lazyload\" alt=\"\" data-srcset=\"https:\/\/www.laboratoiresactiva.com\/it\/wp-content\/uploads\/2019\/09\/vitafoods-asia-320x202.png 320w, https:\/\/www.laboratoiresactiva.com\/it\/wp-content\/uploads\/2019\/09\/vitafoods-asia-700x441.png 700w\" data-sizes=\"(max-width: 700px) 100vw, 700px\" src=\"data:image\/svg+xml;base64,PHN2ZyB3aWR0aD0iMSIgaGVpZ2h0PSIxIiB4bWxucz0iaHR0cDovL3d3dy53My5vcmcvMjAwMC9zdmciPjwvc3ZnPg==\" style=\"--smush-placeholder-width: 700px; --smush-placeholder-aspect-ratio: 700\/441;\" \/><\/a><\/li><\/ul><\/div><div class=\"recent-posts-content\"><span class=\"vcard\" style=\"display: none;\"><span class=\"fn\"><a href=\"https:\/\/www.laboratoiresactiva.com\/it\/author\/amanda\/\" title=\"Articles par Amanda Janvier\" rel=\"author\">Amanda Janvier<\/a><\/span><\/span><span class=\"updated\" style=\"display:none;\">2020-11-11T08:48:23+01:00<\/span><h4 class=\"entry-title\"><a href=\"https:\/\/www.laboratoiresactiva.com\/it\/laboratori-activa-vitafoods-asia\/\">I Laboratori Activa a Vitafoods Asia<\/a><\/h4><p class=\"meta\"><span class=\"vcard\" style=\"display: none;\"><span class=\"fn\"><a href=\"https:\/\/www.laboratoiresactiva.com\/it\/author\/amanda\/\" title=\"Articles par Amanda Janvier\" rel=\"author\">Amanda Janvier<\/a><\/span><\/span><span class=\"updated\" style=\"display:none;\">2020-11-11T08:48:23+01:00<\/span><\/p><p> I Laboratori Activa a Vitafoods Asia   L'exposition Vitafoods Asia revient pour une nouvelle \u00e9dition \u00e0 Singapour. Fa\u00e7onner [...]<\/p><\/div><\/article><\/section><\/div><div class=\"fusion-aligncenter\"><style type=\"text\/css\">.fusion-button.button-1 .fusion-button-text, .fusion-button.button-1 i {color:#ffffff;}.fusion-button.button-1 .fusion-button-icon-divider{border-color:#ffffff;}.fusion-button.button-1:hover .fusion-button-text, .fusion-button.button-1:hover i,.fusion-button.button-1:focus .fusion-button-text, .fusion-button.button-1:focus i,.fusion-button.button-1:active .fusion-button-text, .fusion-button.button-1:active{color:#ffffff;}.fusion-button.button-1:hover .fusion-button-icon-divider, .fusion-button.button-1:hover .fusion-button-icon-divider, .fusion-button.button-1:active .fusion-button-icon-divider{border-color:#ffffff;}.fusion-button.button-1:hover, .fusion-button.button-1:focus, .fusion-button.button-1:active{border-color:#ffffff;}.fusion-button.button-1 {border-color:#ffffff;border-radius:2px;}.fusion-button.button-1{background: #113082;}.fusion-button.button-1:hover,.button-1:focus,.fusion-button.button-1:active{background: #406da4;}<\/style><a class=\"fusion-button button-flat button-large button-custom button-1 fusion-button-span-no \" target=\"_self\" href=\"https:\/\/www.laboratoiresactiva.com\/it\/actualites-evenements\/\"><i class=\"fa-user fas button-icon-left\" aria-hidden=\"true\"><\/i><span class=\"fusion-button-text\">TUTTA L&rsquo;ATTUALIT\u00c0 : EVENTI ACTIVA<\/span><\/a><\/div><div class=\"fusion-clearfix\"><\/div><\/div><\/div><\/div><\/div><div class=\"fusion-fullwidth fullwidth-box fusion-builder-row-3 nonhundred-percent-fullwidth non-hundred-percent-height-scrolling\" style=\"background-color: rgba(255,255,255,0);background-position: center center;background-repeat: no-repeat;padding-top:0px;padding-right:30px;padding-bottom:0px;padding-left:30px;margin-bottom: 0px;margin-top: 0px;border-width: 0px 0px 0px 0px;border-color:#eae9e9;border-style:solid;\" ><div class=\"fusion-builder-row fusion-row\"><div class=\"fusion-layout-column fusion_builder_column fusion-builder-column-2 fusion_builder_column_1_1 1_1 fusion-one-full fusion-column-first fusion-column-last\" style=\"margin-top:0px;margin-bottom:0px;\"><div class=\"fusion-column-wrapper fusion-flex-column-wrapper-legacy\" style=\"background-position:left top;background-repeat:no-repeat;-webkit-background-size:cover;-moz-background-size:cover;-o-background-size:cover;background-size:cover;padding: 80px 10px 50px 10px;\"><div class=\"fusion-text fusion-text-3\"><h3 style=\"text-align: center;\">Media<\/h3>\n<\/div><div class=\"fusion-recent-posts fusion-recent-posts-2 avada-container layout-default layout-columns-3\"><section class=\"fusion-columns columns fusion-columns-3 columns-3\"><article class=\"post fusion-column column col col-lg-4 col-md-4 col-sm-4\"><div class=\"fusion-flexslider fusion-flexslider-loading flexslider flexslider-hover-type-liftup\"><ul class=\"slides\"><li><a href=\"https:\/\/www.laboratoiresactiva.com\/it\/parlano-di-noi-i-nostri-integratori-alimentari-benessere-naturespai-marie-claire\/\" aria-label=\"[Parlano di noi] I nostri integratori alimentari nello spazio benessere Naturespai\" class=\"hover-type-liftup\"><img decoding=\"async\" width=\"700\" height=\"441\" data-src=\"https:\/\/www.laboratoiresactiva.com\/it\/wp-content\/uploads\/2019\/10\/naturespai-marie-claire-activa-700x441.jpg\" class=\"attachment-recent-posts size-recent-posts lazyload\" alt=\"\" data-srcset=\"https:\/\/www.laboratoiresactiva.com\/it\/wp-content\/uploads\/2019\/10\/naturespai-marie-claire-activa-320x202.jpg 320w, https:\/\/www.laboratoiresactiva.com\/it\/wp-content\/uploads\/2019\/10\/naturespai-marie-claire-activa-700x441.jpg 700w\" data-sizes=\"(max-width: 700px) 100vw, 700px\" src=\"data:image\/svg+xml;base64,PHN2ZyB3aWR0aD0iMSIgaGVpZ2h0PSIxIiB4bWxucz0iaHR0cDovL3d3dy53My5vcmcvMjAwMC9zdmciPjwvc3ZnPg==\" style=\"--smush-placeholder-width: 700px; --smush-placeholder-aspect-ratio: 700\/441;\" \/><\/a><\/li><\/ul><\/div><div class=\"recent-posts-content\"><span class=\"vcard\" style=\"display: none;\"><span class=\"fn\"><a href=\"https:\/\/www.laboratoiresactiva.com\/it\/author\/amanda\/\" title=\"Articles par Amanda Janvier\" rel=\"author\">Amanda Janvier<\/a><\/span><\/span><span class=\"updated\" style=\"display:none;\">2020-11-10T17:18:08+01:00<\/span><h4 class=\"entry-title\"><a href=\"https:\/\/www.laboratoiresactiva.com\/it\/parlano-di-noi-i-nostri-integratori-alimentari-benessere-naturespai-marie-claire\/\">[Parlano di noi] I nostri integratori alimentari nello spazio benessere Naturespai<\/a><\/h4><p class=\"meta\"><span class=\"vcard\" style=\"display: none;\"><span class=\"fn\"><a href=\"https:\/\/www.laboratoiresactiva.com\/it\/author\/amanda\/\" title=\"Articles par Amanda Janvier\" rel=\"author\">Amanda Janvier<\/a><\/span><\/span><span class=\"updated\" style=\"display:none;\">2020-11-10T17:18:08+01:00<\/span><\/p><p>  [Parlano di noi] I nostri integratori alimentari nello spazio benessere Naturespai    La rivista di moda [...]<\/p><\/div><\/article><article class=\"post fusion-column column col col-lg-4 col-md-4 col-sm-4\"><div class=\"fusion-flexslider fusion-flexslider-loading flexslider flexslider-hover-type-liftup\"><ul class=\"slides\"><li><a href=\"https:\/\/www.laboratoiresactiva.com\/it\/intervista-amalric-veret-2-2-obiettivi-2020-per-activa\/\" aria-label=\"Intervista Amalric V\u00e9ret (2\/2) : obiettivi 2020 per Activa\" class=\"hover-type-liftup\"><img decoding=\"async\" width=\"700\" height=\"441\" data-src=\"https:\/\/www.laboratoiresactiva.com\/it\/wp-content\/uploads\/2019\/10\/amalric-interview-2-700x441.png\" class=\"attachment-recent-posts size-recent-posts lazyload\" alt=\"\" data-srcset=\"https:\/\/www.laboratoiresactiva.com\/it\/wp-content\/uploads\/2019\/10\/amalric-interview-2-320x202.png 320w, https:\/\/www.laboratoiresactiva.com\/it\/wp-content\/uploads\/2019\/10\/amalric-interview-2-700x441.png 700w\" data-sizes=\"(max-width: 700px) 100vw, 700px\" src=\"data:image\/svg+xml;base64,PHN2ZyB3aWR0aD0iMSIgaGVpZ2h0PSIxIiB4bWxucz0iaHR0cDovL3d3dy53My5vcmcvMjAwMC9zdmciPjwvc3ZnPg==\" style=\"--smush-placeholder-width: 700px; --smush-placeholder-aspect-ratio: 700\/441;\" \/><\/a><\/li><\/ul><\/div><div class=\"recent-posts-content\"><span class=\"vcard\" style=\"display: none;\"><span class=\"fn\"><a href=\"https:\/\/www.laboratoiresactiva.com\/it\/author\/amanda\/\" title=\"Articles par Amanda Janvier\" rel=\"author\">Amanda Janvier<\/a><\/span><\/span><span class=\"updated\" style=\"display:none;\">2022-08-19T14:40:40+02:00<\/span><h4 class=\"entry-title\"><a href=\"https:\/\/www.laboratoiresactiva.com\/it\/intervista-amalric-veret-2-2-obiettivi-2020-per-activa\/\">Intervista Amalric V\u00e9ret (2\/2) : obiettivi 2020 per Activa<\/a><\/h4><p class=\"meta\"><span class=\"vcard\" style=\"display: none;\"><span class=\"fn\"><a href=\"https:\/\/www.laboratoiresactiva.com\/it\/author\/amanda\/\" title=\"Articles par Amanda Janvier\" rel=\"author\">Amanda Janvier<\/a><\/span><\/span><span class=\"updated\" style=\"display:none;\">2022-08-19T14:40:40+02:00<\/span><\/p><p>  Intervista Amalric V\u00e9ret (2\/2) : obiettivi 2020 pour Activa    Amalric V\u00e9ret, direttore dei Laboratori Activa [...]<\/p><\/div><\/article><article class=\"post fusion-column column col col-lg-4 col-md-4 col-sm-4\"><div class=\"fusion-flexslider fusion-flexslider-loading flexslider flexslider-hover-type-liftup\"><ul class=\"slides\"><li><a href=\"https:\/\/www.laboratoiresactiva.com\/it\/intervista-amalric-veret-siamo-gli-integratori-alimentari-piu-scientifici-sul-mercato\/\" aria-label=\"Intervista Amalric V\u00e9ret (1\/2) : \u00ab\u00a0Siamo gli integratori alimentari pi\u00f9 scientifici sul mercato.\u00a0\u00bb\" class=\"hover-type-liftup\"><img decoding=\"async\" width=\"700\" height=\"441\" data-src=\"https:\/\/www.laboratoiresactiva.com\/it\/wp-content\/uploads\/2019\/10\/amalric-interview-1-700x441.png\" class=\"attachment-recent-posts size-recent-posts lazyload\" alt=\"\" data-srcset=\"https:\/\/www.laboratoiresactiva.com\/it\/wp-content\/uploads\/2019\/10\/amalric-interview-1-320x202.png 320w, https:\/\/www.laboratoiresactiva.com\/it\/wp-content\/uploads\/2019\/10\/amalric-interview-1-700x441.png 700w\" data-sizes=\"(max-width: 700px) 100vw, 700px\" src=\"data:image\/svg+xml;base64,PHN2ZyB3aWR0aD0iMSIgaGVpZ2h0PSIxIiB4bWxucz0iaHR0cDovL3d3dy53My5vcmcvMjAwMC9zdmciPjwvc3ZnPg==\" style=\"--smush-placeholder-width: 700px; --smush-placeholder-aspect-ratio: 700\/441;\" \/><\/a><\/li><\/ul><\/div><div class=\"recent-posts-content\"><span class=\"vcard\" style=\"display: none;\"><span class=\"fn\"><a href=\"https:\/\/www.laboratoiresactiva.com\/it\/author\/amanda\/\" title=\"Articles par Amanda Janvier\" rel=\"author\">Amanda Janvier<\/a><\/span><\/span><span class=\"updated\" style=\"display:none;\">2022-08-19T14:40:40+02:00<\/span><h4 class=\"entry-title\"><a href=\"https:\/\/www.laboratoiresactiva.com\/it\/intervista-amalric-veret-siamo-gli-integratori-alimentari-piu-scientifici-sul-mercato\/\">Intervista Amalric V\u00e9ret (1\/2) : \u00ab\u00a0Siamo gli integratori alimentari pi\u00f9 scientifici sul mercato.\u00a0\u00bb<\/a><\/h4><p class=\"meta\"><span class=\"vcard\" style=\"display: none;\"><span class=\"fn\"><a href=\"https:\/\/www.laboratoiresactiva.com\/it\/author\/amanda\/\" title=\"Articles par Amanda Janvier\" rel=\"author\">Amanda Janvier<\/a><\/span><\/span><span class=\"updated\" style=\"display:none;\">2022-08-19T14:40:40+02:00<\/span><\/p><p>  Intervista Amalric V\u00e9ret (1\/2) : \"Siamo gli integratori alimentari pi\u00f9 scientifici sul mercato.\"    Ascoltare l'intervista [...]<\/p><\/div><\/article><\/section><\/div><div class=\"fusion-sep-clear\"><\/div><div class=\"fusion-separator fusion-full-width-sep\" style=\"margin-left: auto;margin-right: auto;width:100%;\"><div class=\"fusion-separator-border sep-double\" style=\"border-color:#ffffff;border-top-width:5px;border-bottom-width:5px;\"><\/div><\/div><div class=\"fusion-sep-clear\"><\/div><div class=\"fusion-aligncenter\"><style type=\"text\/css\">.fusion-button.button-2 .fusion-button-text, .fusion-button.button-2 i {color:#ffffff;}.fusion-button.button-2 .fusion-button-icon-divider{border-color:#ffffff;}.fusion-button.button-2:hover .fusion-button-text, .fusion-button.button-2:hover i,.fusion-button.button-2:focus .fusion-button-text, .fusion-button.button-2:focus i,.fusion-button.button-2:active .fusion-button-text, .fusion-button.button-2:active{color:#ffffff;}.fusion-button.button-2:hover .fusion-button-icon-divider, .fusion-button.button-2:hover .fusion-button-icon-divider, .fusion-button.button-2:active .fusion-button-icon-divider{border-color:#ffffff;}.fusion-button.button-2:hover, .fusion-button.button-2:focus, .fusion-button.button-2:active{border-color:#ffffff;}.fusion-button.button-2 {border-color:#ffffff;border-radius:2px;}.fusion-button.button-2{background: #113082;}.fusion-button.button-2:hover,.button-2:focus,.fusion-button.button-2:active{background: #406da4;}<\/style><a class=\"fusion-button button-flat button-large button-custom button-2 fusion-button-span-no \" target=\"_self\" href=\"https:\/\/www.laboratoiresactiva.com\/it\/?page_id=3063&amp;preview=true\"><i class=\"fa-user fas button-icon-left\" aria-hidden=\"true\"><\/i><span class=\"fusion-button-text\">TUTTA L&rsquo;ATTUALIT\u00c0 : PARLIAMO DI NOI ! <\/span><\/a><\/div><div class=\"fusion-clearfix\"><\/div><\/div><\/div><\/div><\/div><div class=\"fusion-fullwidth fullwidth-box fusion-builder-row-4 nonhundred-percent-fullwidth non-hundred-percent-height-scrolling\" style=\"background-color: rgba(255,255,255,0);background-position: center center;background-repeat: no-repeat;padding-top:0px;padding-right:30px;padding-bottom:0px;padding-left:30px;margin-bottom: 0px;margin-top: 0px;border-width: 0px 0px 0px 0px;border-color:#eae9e9;border-style:solid;\" ><div class=\"fusion-builder-row fusion-row\"><div class=\"fusion-layout-column fusion_builder_column fusion-builder-column-3 fusion_builder_column_1_1 1_1 fusion-one-full fusion-column-first fusion-column-last\" style=\"margin-top:0px;margin-bottom:0px;\"><div class=\"fusion-column-wrapper fusion-flex-column-wrapper-legacy\" style=\"background-position:left top;background-repeat:no-repeat;-webkit-background-size:cover;-moz-background-size:cover;-o-background-size:cover;background-size:cover;padding: 80px 10px 50px 10px;\"><div class=\"fusion-text fusion-text-4\"><h3 style=\"text-align: center;\">Sport<\/h3>\n<\/div><div class=\"fusion-recent-posts fusion-recent-posts-3 avada-container layout-default layout-columns-3\"><section class=\"fusion-columns columns fusion-columns-3 columns-3\"><article class=\"post fusion-column column col col-lg-4 col-md-4 col-sm-4\"><div class=\"fusion-flexslider fusion-flexslider-loading flexslider flexslider-hover-type-liftup\"><ul class=\"slides\"><li><a href=\"https:\/\/www.laboratoiresactiva.com\/it\/campionato-del-mondo-di-winter-swimming-medaiglie-e-record-del-mondo-per-nice-swimming-run\/\" aria-label=\"Campionato del Mondo di Winter Swimming : medaglie e record mondiali per N&rsquo;ice Swimming Run\" class=\"hover-type-liftup\"><img decoding=\"async\" width=\"700\" height=\"441\" data-src=\"https:\/\/www.laboratoiresactiva.com\/it\/wp-content\/uploads\/2020\/03\/nice-swimming-team-700x441.png\" class=\"attachment-recent-posts size-recent-posts lazyload\" alt=\"\" data-srcset=\"https:\/\/www.laboratoiresactiva.com\/it\/wp-content\/uploads\/2020\/03\/nice-swimming-team-320x202.png 320w, https:\/\/www.laboratoiresactiva.com\/it\/wp-content\/uploads\/2020\/03\/nice-swimming-team-700x441.png 700w\" data-sizes=\"(max-width: 700px) 100vw, 700px\" src=\"data:image\/svg+xml;base64,PHN2ZyB3aWR0aD0iMSIgaGVpZ2h0PSIxIiB4bWxucz0iaHR0cDovL3d3dy53My5vcmcvMjAwMC9zdmciPjwvc3ZnPg==\" style=\"--smush-placeholder-width: 700px; --smush-placeholder-aspect-ratio: 700\/441;\" \/><\/a><\/li><\/ul><\/div><div class=\"recent-posts-content\"><span class=\"vcard\" style=\"display: none;\"><span class=\"fn\"><a href=\"https:\/\/www.laboratoiresactiva.com\/it\/author\/amanda\/\" title=\"Articles par Amanda Janvier\" rel=\"author\">Amanda Janvier<\/a><\/span><\/span><span class=\"updated\" style=\"display:none;\">2020-11-11T08:45:18+01:00<\/span><h4 class=\"entry-title\"><a href=\"https:\/\/www.laboratoiresactiva.com\/it\/campionato-del-mondo-di-winter-swimming-medaiglie-e-record-del-mondo-per-nice-swimming-run\/\">Campionato del Mondo di Winter Swimming : medaglie e record mondiali per N&rsquo;ice Swimming Run<\/a><\/h4><p class=\"meta\"><span class=\"vcard\" style=\"display: none;\"><span class=\"fn\"><a href=\"https:\/\/www.laboratoiresactiva.com\/it\/author\/amanda\/\" title=\"Articles par Amanda Janvier\" rel=\"author\">Amanda Janvier<\/a><\/span><\/span><span class=\"updated\" style=\"display:none;\">2020-11-11T08:45:18+01:00<\/span><\/p><p>  Campionato del Mondo di Winter Swimming : medaglie e record mondiali per N'ice Swimming Run   I [...]<\/p><\/div><\/article><article class=\"post fusion-column column col col-lg-4 col-md-4 col-sm-4\"><div class=\"fusion-flexslider fusion-flexslider-loading flexslider flexslider-hover-type-liftup\"><ul class=\"slides\"><li><a href=\"https:\/\/www.laboratoiresactiva.com\/it\/marine-sansinena-campionessa-di-francia-di-maratona-canoa-kayak\/\" aria-label=\"Marine Sansinena, campionessa di Francia di maratona canoa-kayak\" class=\"hover-type-liftup\"><img decoding=\"async\" width=\"700\" height=\"441\" data-src=\"https:\/\/www.laboratoiresactiva.com\/it\/wp-content\/uploads\/2019\/09\/70583216_10220294984467622_7158191683211886592_n-700x441.jpg\" class=\"attachment-recent-posts size-recent-posts lazyload\" alt=\"\" data-srcset=\"https:\/\/www.laboratoiresactiva.com\/it\/wp-content\/uploads\/2019\/09\/70583216_10220294984467622_7158191683211886592_n-320x202.jpg 320w, https:\/\/www.laboratoiresactiva.com\/it\/wp-content\/uploads\/2019\/09\/70583216_10220294984467622_7158191683211886592_n-700x441.jpg 700w\" data-sizes=\"(max-width: 700px) 100vw, 700px\" src=\"data:image\/svg+xml;base64,PHN2ZyB3aWR0aD0iMSIgaGVpZ2h0PSIxIiB4bWxucz0iaHR0cDovL3d3dy53My5vcmcvMjAwMC9zdmciPjwvc3ZnPg==\" style=\"--smush-placeholder-width: 700px; --smush-placeholder-aspect-ratio: 700\/441;\" \/><\/a><\/li><\/ul><\/div><div class=\"recent-posts-content\"><span class=\"vcard\" style=\"display: none;\"><span class=\"fn\"><a href=\"https:\/\/www.laboratoiresactiva.com\/it\/author\/amanda\/\" title=\"Articles par Amanda Janvier\" rel=\"author\">Amanda Janvier<\/a><\/span><\/span><span class=\"updated\" style=\"display:none;\">2020-11-11T08:54:43+01:00<\/span><h4 class=\"entry-title\"><a href=\"https:\/\/www.laboratoiresactiva.com\/it\/marine-sansinena-campionessa-di-francia-di-maratona-canoa-kayak\/\">Marine Sansinena, campionessa di Francia di maratona canoa-kayak<\/a><\/h4><p class=\"meta\"><span class=\"vcard\" style=\"display: none;\"><span class=\"fn\"><a href=\"https:\/\/www.laboratoiresactiva.com\/it\/author\/amanda\/\" title=\"Articles par Amanda Janvier\" rel=\"author\">Amanda Janvier<\/a><\/span><\/span><span class=\"updated\" style=\"display:none;\">2020-11-11T08:54:43+01:00<\/span><\/p><p>  Marine Sansinena, campionessa di Francia di maratona canoa-kayak  La citt\u00e0 di Tours ha ospitato quest'anno il Campionato [...]<\/p><\/div><\/article><article class=\"post fusion-column column col col-lg-4 col-md-4 col-sm-4\"><div class=\"fusion-flexslider fusion-flexslider-loading flexslider flexslider-hover-type-liftup\"><ul class=\"slides\"><li><a href=\"https:\/\/www.laboratoiresactiva.com\/it\/ironman-70-3-rachel-clausing-campionessa-del-mondo\/\" aria-label=\"Ironman 70.3 : Rachel Clausing, campionessa del mondo\" class=\"hover-type-liftup\"><img decoding=\"async\" width=\"700\" height=\"441\" data-src=\"https:\/\/www.laboratoiresactiva.com\/it\/wp-content\/uploads\/2019\/09\/activa_sport_66706744_360599238161089_4553110686884799814_n-1-700x441.jpg\" class=\"attachment-recent-posts size-recent-posts lazyload\" alt=\"\" data-srcset=\"https:\/\/www.laboratoiresactiva.com\/it\/wp-content\/uploads\/2019\/09\/activa_sport_66706744_360599238161089_4553110686884799814_n-1-320x202.jpg 320w, https:\/\/www.laboratoiresactiva.com\/it\/wp-content\/uploads\/2019\/09\/activa_sport_66706744_360599238161089_4553110686884799814_n-1-700x441.jpg 700w\" data-sizes=\"(max-width: 700px) 100vw, 700px\" src=\"data:image\/svg+xml;base64,PHN2ZyB3aWR0aD0iMSIgaGVpZ2h0PSIxIiB4bWxucz0iaHR0cDovL3d3dy53My5vcmcvMjAwMC9zdmciPjwvc3ZnPg==\" style=\"--smush-placeholder-width: 700px; --smush-placeholder-aspect-ratio: 700\/441;\" \/><\/a><\/li><\/ul><\/div><div class=\"recent-posts-content\"><span class=\"vcard\" style=\"display: none;\"><span class=\"fn\"><a href=\"https:\/\/www.laboratoiresactiva.com\/it\/author\/amanda\/\" title=\"Articles par Amanda Janvier\" rel=\"author\">Amanda Janvier<\/a><\/span><\/span><span class=\"updated\" style=\"display:none;\">2020-11-11T09:04:56+01:00<\/span><h4 class=\"entry-title\"><a href=\"https:\/\/www.laboratoiresactiva.com\/it\/ironman-70-3-rachel-clausing-campionessa-del-mondo\/\">Ironman 70.3 : Rachel Clausing, campionessa del mondo<\/a><\/h4><p class=\"meta\"><span class=\"vcard\" style=\"display: none;\"><span class=\"fn\"><a href=\"https:\/\/www.laboratoiresactiva.com\/it\/author\/amanda\/\" title=\"Articles par Amanda Janvier\" rel=\"author\">Amanda Janvier<\/a><\/span><\/span><span class=\"updated\" style=\"display:none;\">2020-11-11T09:04:56+01:00<\/span><\/p><p>  Ironman 70.3 : Rachel Clausing, campionessa del mondo  Il campionato mondiale di Ironman si \u00e8 svolto il [...]<\/p><\/div><\/article><\/section><\/div><div class=\"fusion-sep-clear\"><\/div><div class=\"fusion-separator fusion-full-width-sep\" style=\"margin-left: auto;margin-right: auto;width:100%;\"><div class=\"fusion-separator-border sep-double\" style=\"border-color:#ffffff;border-top-width:5px;border-bottom-width:5px;\"><\/div><\/div><div class=\"fusion-sep-clear\"><\/div><div class=\"fusion-aligncenter\"><style type=\"text\/css\">.fusion-button.button-3 .fusion-button-text, .fusion-button.button-3 i {color:#ffffff;}.fusion-button.button-3 .fusion-button-icon-divider{border-color:#ffffff;}.fusion-button.button-3:hover .fusion-button-text, .fusion-button.button-3:hover i,.fusion-button.button-3:focus .fusion-button-text, .fusion-button.button-3:focus i,.fusion-button.button-3:active .fusion-button-text, .fusion-button.button-3:active{color:#ffffff;}.fusion-button.button-3:hover .fusion-button-icon-divider, .fusion-button.button-3:hover .fusion-button-icon-divider, .fusion-button.button-3:active .fusion-button-icon-divider{border-color:#ffffff;}.fusion-button.button-3:hover, .fusion-button.button-3:focus, .fusion-button.button-3:active{border-color:#ffffff;}.fusion-button.button-3 {border-color:#ffffff;border-radius:2px;}.fusion-button.button-3{background: #113082;}.fusion-button.button-3:hover,.button-3:focus,.fusion-button.button-3:active{background: #406da4;}<\/style><a class=\"fusion-button button-flat button-large button-custom button-3 fusion-button-span-no \" target=\"_self\" href=\"https:\/\/www.laboratoiresactiva.com\/it\/actualites-sports\/\"><i class=\"fa-user fas button-icon-left\" aria-hidden=\"true\"><\/i><span class=\"fusion-button-text\">TUTTA L&rsquo;ATTUALIT\u00c0 : ACTIVA SPORT<\/span><\/a><\/div><div class=\"fusion-clearfix\"><\/div><\/div><\/div><\/div><\/div>\n","protected":false},"excerpt":{"rendered":"","protected":false},"author":4,"featured_media":0,"parent":0,"menu_order":0,"comment_status":"closed","ping_status":"closed","template":"100-width.php","meta":{"_monsterinsights_skip_tracking":false,"_monsterinsights_sitenote_active":false,"_monsterinsights_sitenote_note":"","_monsterinsights_sitenote_category":0,"footnotes":""},"class_list":["post-2840","page","type-page","status-publish","hentry"],"aioseo_notices":[],"_links":{"self":[{"href":"https:\/\/www.laboratoiresactiva.com\/it\/wp-json\/wp\/v2\/pages\/2840","targetHints":{"allow":["GET"]}}],"collection":[{"href":"https:\/\/www.laboratoiresactiva.com\/it\/wp-json\/wp\/v2\/pages"}],"about":[{"href":"https:\/\/www.laboratoiresactiva.com\/it\/wp-json\/wp\/v2\/types\/page"}],"author":[{"embeddable":true,"href":"https:\/\/www.laboratoiresactiva.com\/it\/wp-json\/wp\/v2\/users\/4"}],"replies":[{"embeddable":true,"href":"https:\/\/www.laboratoiresactiva.com\/it\/wp-json\/wp\/v2\/comments?post=2840"}],"version-history":[{"count":105,"href":"https:\/\/www.laboratoiresactiva.com\/it\/wp-json\/wp\/v2\/pages\/2840\/revisions"}],"predecessor-version":[{"id":4142,"href":"https:\/\/www.laboratoiresactiva.com\/it\/wp-json\/wp\/v2\/pages\/2840\/revisions\/4142"}],"wp:attachment":[{"href":"https:\/\/www.laboratoiresactiva.com\/it\/wp-json\/wp\/v2\/media?parent=2840"}],"curies":[{"name":"wp","href":"https:\/\/api.w.org\/{rel}","templated":true}]}}